{"id":93502,"date":"2025-10-10T16:31:45","date_gmt":"2025-10-10T14:31:45","guid":{"rendered":"https:\/\/www.citeducourt.org\/?page_id=93502"},"modified":"2025-10-10T16:35:57","modified_gmt":"2025-10-10T14:35:57","slug":"history","status":"publish","type":"page","link":"https:\/\/www.citeducourt.org\/en\/legacy\/history\/","title":{"rendered":"History"},"content":{"rendered":"<div class=\"wpb-content-wrapper\"><p>[vc_row css=&#8221;.vc_custom_1743410322929{margin-bottom: 35px !important;}&#8221;][vc_column width=&#8221;1\/5&#8243;]<div class=\"stats-block stats-top  \"><div class=\"aio-icon-top\"><div class=\"ult-just-icon-wrapper  \"><div class=\"align-icon\" style=\"text-align:center;\"><\/div><\/div><\/div><div class=\"stats-desc\" id=\"counter-responsv-wrap-5136\"><div id=\"counter_162127873669ee4d2fb431e\" data-id=\"counter_162127873669ee4d2fb431e\"  data-ultimate-target='#counter-responsv-wrap-5136 .stats-number'  data-responsive-json-new='{\"font-size\":\"\",\"line-height\":\"\"}'  class=\"stats-number ult-responsive\" style=\"font-size:28px;  \" data-speed=\"3\" data-counter-value=\"47\" data-separator=\",\" data-decimal=\".\">0<\/div><div id=\"title-counter_162127873669ee4d2fb431e\"  data-ultimate-target='#counter-responsv-wrap-5136 .stats-text'  data-responsive-json-new='{\"font-size\":\"\",\"line-height\":\"\"}'  class=\"stats-text ult-responsive\" style=\"font-size:18px;  \">Festival editions<\/div><\/div><\/div>[\/vc_column][vc_column width=&#8221;1\/5&#8243;]<div class=\"stats-block stats-top  \"><div class=\"aio-icon-top\"><div class=\"ult-just-icon-wrapper  \"><div class=\"align-icon\" style=\"text-align:center;\"><\/div><\/div><\/div><div class=\"stats-desc\" id=\"counter-responsv-wrap-3694\"><div id=\"counter_417633008769ee4d2fb43a7\" data-id=\"counter_417633008769ee4d2fb43a7\"  data-ultimate-target='#counter-responsv-wrap-3694 .stats-number'  data-responsive-json-new='{\"font-size\":\"\",\"line-height\":\"\"}'  class=\"stats-number ult-responsive\" style=\"font-size:28px;  \" data-speed=\"3\" data-counter-value=\"40\" data-separator=\",\" data-decimal=\".\">0<\/div><div id=\"title-counter_417633008769ee4d2fb43a7\"  data-ultimate-target='#counter-responsv-wrap-3694 .stats-text'  data-responsive-json-new='{\"font-size\":\"\",\"line-height\":\"\"}'  class=\"stats-text ult-responsive\" style=\"font-size:18px;  \">Short Film Market editions<\/div><\/div><\/div>[\/vc_column][vc_column width=&#8221;1\/5&#8243;]<div class=\"stats-block stats-top  \"><div class=\"aio-icon-top\"><div class=\"ult-just-icon-wrapper  \"><div class=\"align-icon\" style=\"text-align:center;\"><\/div><\/div><\/div><div class=\"stats-desc\" id=\"counter-responsv-wrap-3609\"><div id=\"counter_240190013369ee4d2fb4422\" data-id=\"counter_240190013369ee4d2fb4422\"  data-ultimate-target='#counter-responsv-wrap-3609 .stats-number'  data-responsive-json-new='{\"font-size\":\"\",\"line-height\":\"\"}'  class=\"stats-number ult-responsive\" style=\"font-size:28px;  \" data-speed=\"3\" data-counter-value=\"4660394\" data-separator=\",\" data-decimal=\".\">0<\/div><div id=\"title-counter_240190013369ee4d2fb4422\"  data-ultimate-target='#counter-responsv-wrap-3609 .stats-text'  data-responsive-json-new='{\"font-size\":\"\",\"line-height\":\"\"}'  class=\"stats-text ult-responsive\" style=\"font-size:18px;  \">spectators since the Festival\u2019s inception<\/div><\/div><\/div>[\/vc_column][vc_column width=&#8221;1\/5&#8243;]<div class=\"stats-block stats-top  \"><div class=\"aio-icon-top\"><div class=\"ult-just-icon-wrapper  \"><div class=\"align-icon\" style=\"text-align:center;\"><\/div><\/div><\/div><div class=\"stats-desc\" id=\"counter-responsv-wrap-3763\"><div id=\"counter_129566418269ee4d2fb4494\" data-id=\"counter_129566418269ee4d2fb4494\"  data-ultimate-target='#counter-responsv-wrap-3763 .stats-number'  data-responsive-json-new='{\"font-size\":\"\",\"line-height\":\"\"}'  class=\"stats-number ult-responsive\" style=\"font-size:28px;  \" data-speed=\"3\" data-counter-value=\"173577\" data-separator=\",\" data-decimal=\".\">0<\/div><div id=\"title-counter_129566418269ee4d2fb4494\"  data-ultimate-target='#counter-responsv-wrap-3763 .stats-text'  data-responsive-json-new='{\"font-size\":\"\",\"line-height\":\"\"}'  class=\"stats-text ult-responsive\" style=\"font-size:18px;  \">attendees in 2025<\/div><\/div><\/div>[\/vc_column][vc_column width=&#8221;1\/5&#8243;]<div class=\"stats-block stats-top  \"><div class=\"aio-icon-top\"><div class=\"ult-just-icon-wrapper  \"><div class=\"align-icon\" style=\"text-align:center;\"><\/div><\/div><\/div><div class=\"stats-desc\" id=\"counter-responsv-wrap-6186\"><div id=\"counter_7774913069ee4d2fb4502\" data-id=\"counter_7774913069ee4d2fb4502\"  data-ultimate-target='#counter-responsv-wrap-6186 .stats-number'  data-responsive-json-new='{\"font-size\":\"\",\"line-height\":\"\"}'  class=\"stats-number ult-responsive\" style=\"font-size:28px;  \" data-speed=\"3\" data-counter-value=\"4100\" data-separator=\",\" data-decimal=\".\">0<\/div><div id=\"title-counter_7774913069ee4d2fb4502\"  data-ultimate-target='#counter-responsv-wrap-6186 .stats-text'  data-responsive-json-new='{\"font-size\":\"\",\"line-height\":\"\"}'  class=\"stats-text ult-responsive\" style=\"font-size:18px;  \">accredited professionals in 2025<\/div><\/div><\/div>[\/vc_column][\/vc_row][vc_row el_class=&#8221;bordure-verticale&#8221;][vc_column width=&#8221;1\/2&#8243;]<div class=\"ult-spacer spacer-69ee4d2fb452e\" data-id=\"69ee4d2fb452e\" data-height=\"890\" data-height-mobile=\"890\" data-height-tab=\"890\" data-height-tab-portrait=\"\" data-height-mobile-landscape=\"\" style=\"clear:both;display:block;\"><\/div>[vc_column_text css=&#8221;.vc_custom_1760106095000{margin-bottom: 5px !important;}&#8221; el_class=&#8221;bloc sombre&#8221;]<\/p>\n<h3>Today<\/h3>\n<p>[\/vc_column_text][vc_column_text css=&#8221;.vc_custom_1760106117061{margin-bottom: 15px !important;}&#8221;]<\/p>\n<p data-start=\"0\" data-end=\"519\">The Clermont-Ferrand Short Film Festival is today the largest cinematic event in the world dedicated to short films. In terms of audience and professional presence, it is the second-largest film festival in France after Cannes. It is at the heart of numerous activities and missions carried out year-round from La Jet\u00e9e by the collective Sauve qui peut le court m\u00e9trage. The association, under French law 1901, employs 21 permanent staff, all based in Auvergne, where a dynamic film and image community has developed.<\/p>\n<p data-start=\"521\" data-end=\"631\" data-is-last-node=\"\" data-is-only-node=\"\">The 2025 edition set a record audience with over 173,000 attendees and welcomed more than 4,100 professionals.<\/p>\n<p>[\/vc_column_text][vc_single_image image=&#8221;88780&#8243; img_size=&#8221;full&#8221; onclick=&#8221;link_image&#8221; css=&#8221;&#8221;]<div class=\"ult-spacer spacer-69ee4d2fb4553\" data-id=\"69ee4d2fb4553\" data-height=\"610\" data-height-mobile=\"610\" data-height-tab=\"610\" data-height-tab-portrait=\"\" data-height-mobile-landscape=\"\" style=\"clear:both;display:block;\"><\/div>[vc_column_text css=&#8221;.vc_custom_1743407452251{margin-bottom: 5px !important;}&#8221; el_class=&#8221;bloc sombre&#8221;]<\/p>\n<h3>2004<\/h3>\n<p>[\/vc_column_text][vc_column_text css=&#8221;.vc_custom_1760106259162{margin-bottom: 15px !important;}&#8221;]<\/p>\n<p data-start=\"0\" data-end=\"269\">Creation of <a href=\"https:\/\/www.lecourt-clermont.org\/en\/schools\/the-atelier\/\" target=\"_blank\" rel=\"noopener\">the Atelier<\/a>, a temporary film school, in collaboration with the National Superior School of Architecture of Clermont-Ferrand. This initiative welcomes several schools training for careers in visual media, operating Monday to Friday during the Festival.<\/p>\n<p data-start=\"271\" data-end=\"699\" data-is-last-node=\"\" data-is-only-node=\"\">A true place of knowledge-sharing, students from the various schools are invited to present their creations and skills to visitors, particularly schoolchildren, emphasizing moments of exchange and discovery. Between 2016 and 2019, l\u2019Atelier moved to the Clermont-Ferrand Graduate School of Business before settling at the Blaise-Pascal Center, attracting over 2,000 visitors across around fifteen participating institutions.<\/p>\n<p>[\/vc_column_text][vc_single_image image=&#8221;2130&#8243; img_size=&#8221;full&#8221; onclick=&#8221;link_image&#8221; css=&#8221;&#8221;]<div class=\"ult-spacer spacer-69ee4d2fb4576\" data-id=\"69ee4d2fb4576\" data-height=\"300\" data-height-mobile=\"300\" data-height-tab=\"300\" data-height-tab-portrait=\"\" data-height-mobile-landscape=\"\" style=\"clear:both;display:block;\"><\/div>[vc_column_text css=&#8221;.vc_custom_1760106348779{margin-bottom: 5px !important;}&#8221; el_class=&#8221;bloc sombre&#8221;]<\/p>\n<h3>May 2000<\/h3>\n<p>[\/vc_column_text][vc_column_text css=&#8221;.vc_custom_1760106402613{margin-bottom: 15px !important;}&#8221;]The association moves into its new premises. In the heart of Clermont-Ferrand, <strong data-start=\"79\" data-end=\"91\">La Jet\u00e9e<\/strong>, named in homage to Chris Marker\u2019s film, houses the offices of Sauve qui peut le court m\u00e9trage, the Auvergne Film Commission, and a <a href=\"https:\/\/www.citeducourt.org\/en\/resource-center\/\">Resource Center<\/a> that is unique in the world for its collection dedicated to short films.[\/vc_column_text][vc_single_image image=&#8221;88791&#8243; img_size=&#8221;full&#8221; onclick=&#8221;link_image&#8221; css=&#8221;&#8221;]<div class=\"ult-spacer spacer-69ee4d2fb4596\" data-id=\"69ee4d2fb4596\" data-height=\"630\" data-height-mobile=\"630\" data-height-tab=\"630\" data-height-tab-portrait=\"\" data-height-mobile-landscape=\"\" style=\"clear:both;display:block;\"><\/div>[vc_column_text css=&#8221;.vc_custom_1743408498643{margin-bottom: 5px !important;}&#8221; el_class=&#8221;bloc sombre&#8221;]<\/p>\n<h3>1995<\/h3>\n<p>[\/vc_column_text][vc_column_text css=&#8221;.vc_custom_1760106441374{margin-bottom: 15px !important;}&#8221;]Some 100,000 spectators attend the Festival to celebrate a century of cinema, during an edition that once again showcases the vitality and creativity of generations of filmmakers.[\/vc_column_text][vc_single_image image=&#8221;88797&#8243; img_size=&#8221;full&#8221; onclick=&#8221;link_image&#8221; css=&#8221;&#8221;]<div class=\"ult-spacer spacer-69ee4d2fb45b6\" data-id=\"69ee4d2fb45b6\" data-height=\"650\" data-height-mobile=\"650\" data-height-tab=\"650\" data-height-tab-portrait=\"\" data-height-mobile-landscape=\"\" style=\"clear:both;display:block;\"><\/div>[vc_column_text css=&#8221;.vc_custom_1743409089458{margin-bottom: 5px !important;}&#8221; el_class=&#8221;bloc sombre&#8221;]<\/p>\n<h3>1986<\/h3>\n<p>[\/vc_column_text][vc_column_text css=&#8221;.vc_custom_1760106550487{margin-bottom: 15px !important;}&#8221;]In response to the ever-growing interest of professionals in the event, the first <a href=\"https:\/\/www.lecourt-clermont.org\/en\/presentation\/\" target=\"_blank\" rel=\"noopener\"><strong data-start=\"82\" data-end=\"103\">Short Film Market<\/strong><\/a> is organized, with the support of long-standing institutional partners, later joined by the European Union. This commitment to positioning short films within the economic sector has only strengthened over time, as the number of national and international broadcasters (the main buyers), as well as national and international festivals attending the Clermont-Ferrand Short Film Market to make their selections, and various organizations interested in short films, has continued to grow steadily.[\/vc_column_text][vc_single_image image=&#8221;1196&#8243; img_size=&#8221;full&#8221; onclick=&#8221;link_image&#8221; css=&#8221;&#8221;]<div class=\"ult-spacer spacer-69ee4d2fb45d4\" data-id=\"69ee4d2fb45d4\" data-height=\"650\" data-height-mobile=\"650\" data-height-tab=\"650\" data-height-tab-portrait=\"\" data-height-mobile-landscape=\"\" style=\"clear:both;display:block;\"><\/div>[vc_column_text css=&#8221;.vc_custom_1743409324309{margin-bottom: 5px !important;}&#8221; el_class=&#8221;bloc sombre&#8221;]<\/p>\n<h3>1982<\/h3>\n<p>[\/vc_column_text][vc_column_text css=&#8221;.vc_custom_1760106690487{margin-bottom: 15px !important;}&#8221;]The event thus becomes competitive. Alongside the National Competition, International short film programs are presented to the public, featuring films grouped by theme, genre, country, or as tributes to major figures in short filmmaking. At this stage, the organisation relies primarily on the passion of volunteers.[\/vc_column_text][vc_single_image image=&#8221;88813&#8243; img_size=&#8221;full&#8221; onclick=&#8221;link_image&#8221; css=&#8221;.vc_custom_1750776823665{margin-bottom: 0px !important;}&#8221;][vc_column_text css=&#8221;&#8221; el_class=&#8221;legende&#8221;]<\/p>\n<h6>February 1982: the festival\u2019s first jury (Gilles Colpart, Dominique Laffin, Lam L\u00ea, Catherine Almeras, Myriam M\u00e9zi\u00e8res, R\u00e9mi Laurent, Jean-Pierre Fontana)<\/h6>\n<p>[\/vc_column_text][\/vc_column][vc_column width=&#8221;1\/2&#8243;][vc_column_text css=&#8221;.vc_custom_1760106142208{margin-bottom: 5px !important;}&#8221; el_class=&#8221;bloc sombre&#8221;]<\/p>\n<h3>Looking toward 2029<\/h3>\n<p>[\/vc_column_text][vc_column_text css=&#8221;.vc_custom_1760106165811{margin-bottom: 15px !important;}&#8221;]<\/p>\n<p data-start=\"0\" data-end=\"309\">The Clermont-Ferrand International Short Film Festival now requires a workspace befitting its reputation. This will become a reality in 2029, for the festival\u2019s 50th anniversary, with the opening of the Cit\u00e9 du Court, which will make Clermont-Ferrand the capital of cinema, with the support of its partners.<\/p>\n<p data-start=\"311\" data-end=\"706\">This 2,000 m\u00b2 site will physically include a renovated screening room, a larger documentation center for the public, new mediation and work spaces designed for image education and professional training, a shooting stage for educational and experimental purposes for filmmakers, more spacious offices for the organizing team, and finally a caf\u00e9 where everyone can meet in a friendly atmosphere.<\/p>\n<p data-start=\"708\" data-end=\"757\" data-is-last-node=\"\" data-is-only-node=\"\">Construction begins in the first quarter of 2027.<\/p>\n<p>[\/vc_column_text][vc_single_image image=&#8221;92048&#8243; img_size=&#8221;full&#8221; onclick=&#8221;link_image&#8221; css=&#8221;&#8221;]<div class=\"ult-spacer spacer-69ee4d2fb45f2\" data-id=\"69ee4d2fb45f2\" data-height=\"750\" data-height-mobile=\"750\" data-height-tab=\"750\" data-height-tab-portrait=\"\" data-height-mobile-landscape=\"\" style=\"clear:both;display:block;\"><\/div>[vc_column_text css=&#8221;.vc_custom_1743407372635{margin-bottom: 5px !important;}&#8221; el_class=&#8221;bloc sombre&#8221;]<\/p>\n<h3>2008<\/h3>\n<p>[\/vc_column_text][vc_column_text css=&#8221;.vc_custom_1760106285963{margin-bottom: 15px !important;}&#8221;]Having welcomed over two million spectators, thousands of films, hundreds of filmmakers, eleven ministers of culture, and eight directors of the French National Center for Cinema and the Moving Image (CNC), the Clermont-Ferrand International Short Film Festival celebrates its 30th anniversary with unparalleled enthusiasm for short films.[\/vc_column_text][vc_single_image image=&#8221;88785&#8243; img_size=&#8221;full&#8221; onclick=&#8221;link_image&#8221; css=&#8221;&#8221;]<div class=\"ult-spacer spacer-69ee4d2fb460d\" data-id=\"69ee4d2fb460d\" data-height=\"730\" data-height-mobile=\"730\" data-height-tab=\"730\" data-height-tab-portrait=\"\" data-height-mobile-landscape=\"\" style=\"clear:both;display:block;\"><\/div>[vc_column_text css=&#8221;.vc_custom_1743408038486{margin-bottom: 5px !important;}&#8221; el_class=&#8221;bloc sombre&#8221;]<\/p>\n<h3>2002<\/h3>\n<p>[\/vc_column_text][vc_column_text css=&#8221;.vc_custom_1760106329300{margin-bottom: 15px !important;}&#8221;]Something new from the Lab. With the arrival of digital technology, the Festival opened its doors to video. The introduction of a new competition dedicated to digital creation marked the first step in this direction. Very quickly, the criterion of original format was dropped. All competitions became open to professional video formats. The five new programs offered to the Clermont audience, showcasing works that combine genres, techniques, and artistic disciplines, eventually formed the <strong data-start=\"492\" data-end=\"512\">Lab Competition <\/strong>&#8211; a competition now well-known and appreciated by festivalgoers, and one that has inspired many other international festivals.[\/vc_column_text]<div class=\"ult-spacer spacer-69ee4d2fb4628\" data-id=\"69ee4d2fb4628\" data-height=\"615\" data-height-mobile=\"615\" data-height-tab=\"615\" data-height-tab-portrait=\"\" data-height-mobile-landscape=\"\" style=\"clear:both;display:block;\"><\/div>[vc_column_text css=&#8221;.vc_custom_1743408377506{margin-bottom: 5px !important;}&#8221; el_class=&#8221;bloc sombre&#8221;]<\/p>\n<h3>1997<\/h3>\n<p>[\/vc_column_text][vc_column_text css=&#8221;.vc_custom_1760106459701{margin-bottom: 15px !important;}&#8221;]The <strong data-start=\"4\" data-end=\"32\">Auvergne Film Commission<\/strong> is established. As an integral part of Sauve qui peut le court m\u00e9trage, it provides a free service for any production wishing to shoot in the region, helping facilitate the work of the crew and showcasing local heritage, services, and professionals. For nearly 30 years, the AFC supported numerous productions &#8211; short and feature films, TV movies, and (web) series &#8211; before being officially dissolved in 2024.[\/vc_column_text][vc_single_image image=&#8221;88800&#8243; img_size=&#8221;full&#8221; onclick=&#8221;link_image&#8221; css=&#8221;&#8221;]<div class=\"ult-spacer spacer-69ee4d2fb4641\" data-id=\"69ee4d2fb4641\" data-height=\"560\" data-height-mobile=\"560\" data-height-tab=\"560\" data-height-tab-portrait=\"\" data-height-mobile-landscape=\"\" style=\"clear:both;display:block;\"><\/div>[vc_column_text css=&#8221;.vc_custom_1743408778728{margin-bottom: 5px !important;}&#8221; el_class=&#8221;bloc sombre&#8221;]<\/p>\n<h3>1988<\/h3>\n<p>[\/vc_column_text][vc_column_text css=&#8221;.vc_custom_1760106482767{margin-bottom: 15px !important;}&#8221;]The Festival reaches a new milestone. Alongside the National Competition, celebrating its 10th anniversary, the first International Festival is held, helping to establish Clermont-Ferrand as the world\u2019s premier short film event. In 1989, the festival attracts around 28,000 spectators.[\/vc_column_text][vc_single_image image=&#8221;88807&#8243; img_size=&#8221;full&#8221; onclick=&#8221;link_image&#8221; css=&#8221;.vc_custom_1750776836547{margin-bottom: 0px !important;}&#8221;][vc_column_text css=&#8221;&#8221; el_class=&#8221;legende&#8221;]<\/p>\n<h6>Part of the 1987 jury with the permanent staff: Jean Vautrin, Dominique Pinon, Georges Bollon, Jacques Curtil, and Antoine Lopez<\/h6>\n<p>[\/vc_column_text]<div class=\"ult-spacer spacer-69ee4d2fb465a\" data-id=\"69ee4d2fb465a\" data-height=\"690\" data-height-mobile=\"690\" data-height-tab=\"690\" data-height-tab-portrait=\"\" data-height-mobile-landscape=\"\" style=\"clear:both;display:block;\"><\/div>[vc_column_text css=&#8221;.vc_custom_1760106663432{margin-bottom: 5px !important;}&#8221; el_class=&#8221;bloc sombre&#8221;]<\/p>\n<h3>Early 1985<\/h3>\n<p>[\/vc_column_text][vc_column_text css=&#8221;.vc_custom_1760106679671{margin-bottom: 15px !important;}&#8221;]<\/p>\n<p data-start=\"0\" data-end=\"150\">A team of four permanent staff members moves into a small space that will serve as both an office and a screening room for the team\u2019s film viewings.<\/p>\n<p data-start=\"152\" data-end=\"429\" data-is-last-node=\"\" data-is-only-node=\"\">During these years, the number of spectators grows steadily. As financial support increases and the scale of the event requires more personnel, the organising team continues to expand and relocates to larger offices, with the original space becoming a dedicated technical area.<\/p>\n<p>[\/vc_column_text][vc_single_image image=&#8221;88811&#8243; img_size=&#8221;full&#8221; onclick=&#8221;link_image&#8221; css=&#8221;&#8221;]<div class=\"ult-spacer spacer-69ee4d2fb4672\" data-id=\"69ee4d2fb4672\" data-height=\"640\" data-height-mobile=\"640\" data-height-tab=\"640\" data-height-tab-portrait=\"\" data-height-mobile-landscape=\"\" style=\"clear:both;display:block;\"><\/div>[vc_column_text css=&#8221;.vc_custom_1760106669761{margin-bottom: 5px !important;}&#8221; el_class=&#8221;bloc sombre&#8221;]<\/p>\n<h3>4 August 1981<\/h3>\n<p>[\/vc_column_text][vc_column_text css=&#8221;.vc_custom_1760106625313{margin-bottom: 15px !important;}&#8221;]<\/p>\n<p data-start=\"0\" data-end=\"133\">Birth of the association Sauve qui peut le court m\u00e9trage, born from the need to establish a major event focused on short films.<\/p>\n<p data-start=\"135\" data-end=\"404\">In 1979, 1980, and 1981, <strong data-start=\"160\" data-end=\"180\">Short Film Weeks<\/strong> were organized by members of the Clermont-Ferrand University Film Circle (CCUC) with the limited resources available to them. These events grew remarkably, both in public success and in demand from numerous professionals.<\/p>\n<p data-start=\"406\" data-end=\"910\" data-is-last-node=\"\" data-is-only-node=\"\">A small group of CCUC students then decided to create a new association, <strong data-start=\"479\" data-end=\"514\">Sauve qui peut le court m\u00e9trage<\/strong>, with the aim of turning these weeks into a full-fledged festival. Very quickly, the association received support from the City of Clermont-Ferrand, the Puy-de-D\u00f4me Department, the Auvergne Region, the Ministries of Culture, Youth and Sports, Foreign Affairs, National Education, the French National Center for Cinema and the Moving Image (CNC), and the Regional Directorate of Cultural Affairs.<\/p>\n<p>[\/vc_column_text][\/vc_column][\/vc_row]<\/p>\n<\/div>","protected":false},"excerpt":{"rendered":"<p>[vc_row css=&#8221;.vc_custom_1743410322929{margin-bottom: 35px !important;}&#8221;][vc_column width=&#8221;1\/5&#8243;][\/vc_column][vc_column width=&#8221;1\/5&#8243;][\/vc_column][vc_column width=&#8221;1\/5&#8243;][\/vc_column][vc_column width=&#8221;1\/5&#8243;][\/vc_column][vc_column width=&#8221;1\/5&#8243;][\/vc_column][\/vc_row][vc_row el_class=&#8221;bordure-verticale&#8221;][vc_column width=&#8221;1\/2&#8243;][vc_column_text css=&#8221;.vc_custom_1760106095000{margin-bottom: 5px !important;}&#8221; el_class=&#8221;bloc sombre&#8221;] Today [\/vc_column_text][vc_column_text css=&#8221;.vc_custom_1760106117061{margin-bottom: 15px !important;}&#8221;] The Clermont-Ferrand Short Film Festival is today the largest cinematic event in the world dedicated to short films. In terms of audience and professional presence, it is the second-largest film festival in France after [&hellip;]<\/p>\n","protected":false},"author":4,"featured_media":0,"parent":93574,"menu_order":0,"comment_status":"closed","ping_status":"closed","template":"","meta":{"_acf_changed":false,"footnotes":""},"class_list":["post-93502","page","type-page","status-publish","hentry"],"acf":[],"yoast_head":"<!-- This site is optimized with the Yoast SEO plugin v25.3.1 - https:\/\/yoast.com\/wordpress\/plugins\/seo\/ -->\n<title>History - La Cit\u00e9 du Court<\/title>\n<meta name=\"robots\" content=\"index, follow, max-snippet:-1, max-image-preview:large, max-video-preview:-1\" \/>\n<link rel=\"canonical\" href=\"https:\/\/www.citeducourt.org\/en\/legacy\/history\/\" \/>\n<meta property=\"og:locale\" content=\"en_US\" \/>\n<meta property=\"og:type\" content=\"article\" \/>\n<meta property=\"og:title\" content=\"History - La Cit\u00e9 du Court\" \/>\n<meta property=\"og:description\" content=\"[vc_row css=&#8221;.vc_custom_1743410322929{margin-bottom: 35px !important;}&#8221;][vc_column width=&#8221;1\/5&#8243;][\/vc_column][vc_column width=&#8221;1\/5&#8243;][\/vc_column][vc_column width=&#8221;1\/5&#8243;][\/vc_column][vc_column width=&#8221;1\/5&#8243;][\/vc_column][vc_column width=&#8221;1\/5&#8243;][\/vc_column][\/vc_row][vc_row el_class=&#8221;bordure-verticale&#8221;][vc_column width=&#8221;1\/2&#8243;][vc_column_text css=&#8221;.vc_custom_1760106095000{margin-bottom: 5px !important;}&#8221; el_class=&#8221;bloc sombre&#8221;] Today [\/vc_column_text][vc_column_text css=&#8221;.vc_custom_1760106117061{margin-bottom: 15px !important;}&#8221;] The Clermont-Ferrand Short Film Festival is today the largest cinematic event in the world dedicated to short films. In terms of audience and professional presence, it is the second-largest film festival in France after [&hellip;]\" \/>\n<meta property=\"og:url\" content=\"https:\/\/www.citeducourt.org\/en\/legacy\/history\/\" \/>\n<meta property=\"og:site_name\" content=\"La Cit\u00e9 du Court\" \/>\n<meta property=\"article:modified_time\" content=\"2025-10-10T14:35:57+00:00\" \/>\n<meta property=\"og:image\" content=\"https:\/\/www.citeducourt.org\/wp-content\/uploads\/2024\/11\/SQP_Logo.png\" \/>\n\t<meta property=\"og:image:width\" content=\"616\" \/>\n\t<meta property=\"og:image:height\" content=\"470\" \/>\n\t<meta property=\"og:image:type\" content=\"image\/png\" \/>\n<meta name=\"twitter:card\" content=\"summary_large_image\" \/>\n<meta name=\"twitter:label1\" content=\"Est. reading time\" \/>\n\t<meta name=\"twitter:data1\" content=\"8 minutes\" \/>\n<script type=\"application\/ld+json\" class=\"yoast-schema-graph\">{\"@context\":\"https:\/\/schema.org\",\"@graph\":[{\"@type\":\"WebPage\",\"@id\":\"https:\/\/www.citeducourt.org\/en\/legacy\/history\/\",\"url\":\"https:\/\/www.citeducourt.org\/en\/legacy\/history\/\",\"name\":\"History - La Cit\u00e9 du Court\",\"isPartOf\":{\"@id\":\"https:\/\/www.citeducourt.org\/en\/#website\"},\"datePublished\":\"2025-10-10T14:31:45+00:00\",\"dateModified\":\"2025-10-10T14:35:57+00:00\",\"breadcrumb\":{\"@id\":\"https:\/\/www.citeducourt.org\/en\/legacy\/history\/#breadcrumb\"},\"inLanguage\":\"en-US\",\"potentialAction\":[{\"@type\":\"ReadAction\",\"target\":[\"https:\/\/www.citeducourt.org\/en\/legacy\/history\/\"]}]},{\"@type\":\"BreadcrumbList\",\"@id\":\"https:\/\/www.citeducourt.org\/en\/legacy\/history\/#breadcrumb\",\"itemListElement\":[{\"@type\":\"ListItem\",\"position\":1,\"name\":\"Home\",\"item\":\"https:\/\/www.citeducourt.org\/en\/\"},{\"@type\":\"ListItem\",\"position\":2,\"name\":\"History\"}]},{\"@type\":\"WebSite\",\"@id\":\"https:\/\/www.citeducourt.org\/en\/#website\",\"url\":\"https:\/\/www.citeducourt.org\/en\/\",\"name\":\"La Cit\u00e9 du Court\",\"description\":\"Le slogan du site\",\"publisher\":{\"@id\":\"https:\/\/www.citeducourt.org\/en\/#organization\"},\"potentialAction\":[{\"@type\":\"SearchAction\",\"target\":{\"@type\":\"EntryPoint\",\"urlTemplate\":\"https:\/\/www.citeducourt.org\/en\/?s={search_term_string}\"},\"query-input\":{\"@type\":\"PropertyValueSpecification\",\"valueRequired\":true,\"valueName\":\"search_term_string\"}}],\"inLanguage\":\"en-US\"},{\"@type\":\"Organization\",\"@id\":\"https:\/\/www.citeducourt.org\/en\/#organization\",\"name\":\"La Cit\u00e9 du Court\",\"url\":\"https:\/\/www.citeducourt.org\/en\/\",\"logo\":{\"@type\":\"ImageObject\",\"inLanguage\":\"en-US\",\"@id\":\"https:\/\/www.citeducourt.org\/en\/#\/schema\/logo\/image\/\",\"url\":\"https:\/\/lecourt.cloud-sak.com\/wp-content\/uploads\/2024\/11\/SQP_Logo.png\",\"contentUrl\":\"https:\/\/lecourt.cloud-sak.com\/wp-content\/uploads\/2024\/11\/SQP_Logo.png\",\"width\":616,\"height\":470,\"caption\":\"La Cit\u00e9 du Court\"},\"image\":{\"@id\":\"https:\/\/www.citeducourt.org\/en\/#\/schema\/logo\/image\/\"}}]}<\/script>\n<!-- \/ Yoast SEO plugin. -->","yoast_head_json":{"title":"History - La Cit\u00e9 du Court","robots":{"index":"index","follow":"follow","max-snippet":"max-snippet:-1","max-image-preview":"max-image-preview:large","max-video-preview":"max-video-preview:-1"},"canonical":"https:\/\/www.citeducourt.org\/en\/legacy\/history\/","og_locale":"en_US","og_type":"article","og_title":"History - La Cit\u00e9 du Court","og_description":"[vc_row css=&#8221;.vc_custom_1743410322929{margin-bottom: 35px !important;}&#8221;][vc_column width=&#8221;1\/5&#8243;][\/vc_column][vc_column width=&#8221;1\/5&#8243;][\/vc_column][vc_column width=&#8221;1\/5&#8243;][\/vc_column][vc_column width=&#8221;1\/5&#8243;][\/vc_column][vc_column width=&#8221;1\/5&#8243;][\/vc_column][\/vc_row][vc_row el_class=&#8221;bordure-verticale&#8221;][vc_column width=&#8221;1\/2&#8243;][vc_column_text css=&#8221;.vc_custom_1760106095000{margin-bottom: 5px !important;}&#8221; el_class=&#8221;bloc sombre&#8221;] Today [\/vc_column_text][vc_column_text css=&#8221;.vc_custom_1760106117061{margin-bottom: 15px !important;}&#8221;] The Clermont-Ferrand Short Film Festival is today the largest cinematic event in the world dedicated to short films. In terms of audience and professional presence, it is the second-largest film festival in France after [&hellip;]","og_url":"https:\/\/www.citeducourt.org\/en\/legacy\/history\/","og_site_name":"La Cit\u00e9 du Court","article_modified_time":"2025-10-10T14:35:57+00:00","og_image":[{"width":616,"height":470,"url":"https:\/\/www.citeducourt.org\/wp-content\/uploads\/2024\/11\/SQP_Logo.png","type":"image\/png"}],"twitter_card":"summary_large_image","twitter_misc":{"Est. reading time":"8 minutes"},"schema":{"@context":"https:\/\/schema.org","@graph":[{"@type":"WebPage","@id":"https:\/\/www.citeducourt.org\/en\/legacy\/history\/","url":"https:\/\/www.citeducourt.org\/en\/legacy\/history\/","name":"History - La Cit\u00e9 du Court","isPartOf":{"@id":"https:\/\/www.citeducourt.org\/en\/#website"},"datePublished":"2025-10-10T14:31:45+00:00","dateModified":"2025-10-10T14:35:57+00:00","breadcrumb":{"@id":"https:\/\/www.citeducourt.org\/en\/legacy\/history\/#breadcrumb"},"inLanguage":"en-US","potentialAction":[{"@type":"ReadAction","target":["https:\/\/www.citeducourt.org\/en\/legacy\/history\/"]}]},{"@type":"BreadcrumbList","@id":"https:\/\/www.citeducourt.org\/en\/legacy\/history\/#breadcrumb","itemListElement":[{"@type":"ListItem","position":1,"name":"Home","item":"https:\/\/www.citeducourt.org\/en\/"},{"@type":"ListItem","position":2,"name":"History"}]},{"@type":"WebSite","@id":"https:\/\/www.citeducourt.org\/en\/#website","url":"https:\/\/www.citeducourt.org\/en\/","name":"La Cit\u00e9 du Court","description":"Le slogan du site","publisher":{"@id":"https:\/\/www.citeducourt.org\/en\/#organization"},"potentialAction":[{"@type":"SearchAction","target":{"@type":"EntryPoint","urlTemplate":"https:\/\/www.citeducourt.org\/en\/?s={search_term_string}"},"query-input":{"@type":"PropertyValueSpecification","valueRequired":true,"valueName":"search_term_string"}}],"inLanguage":"en-US"},{"@type":"Organization","@id":"https:\/\/www.citeducourt.org\/en\/#organization","name":"La Cit\u00e9 du Court","url":"https:\/\/www.citeducourt.org\/en\/","logo":{"@type":"ImageObject","inLanguage":"en-US","@id":"https:\/\/www.citeducourt.org\/en\/#\/schema\/logo\/image\/","url":"https:\/\/lecourt.cloud-sak.com\/wp-content\/uploads\/2024\/11\/SQP_Logo.png","contentUrl":"https:\/\/lecourt.cloud-sak.com\/wp-content\/uploads\/2024\/11\/SQP_Logo.png","width":616,"height":470,"caption":"La Cit\u00e9 du Court"},"image":{"@id":"https:\/\/www.citeducourt.org\/en\/#\/schema\/logo\/image\/"}}]}},"_links":{"self":[{"href":"https:\/\/www.citeducourt.org\/en\/wp-json\/wp\/v2\/pages\/93502","targetHints":{"allow":["GET"]}}],"collection":[{"href":"https:\/\/www.citeducourt.org\/en\/wp-json\/wp\/v2\/pages"}],"about":[{"href":"https:\/\/www.citeducourt.org\/en\/wp-json\/wp\/v2\/types\/page"}],"author":[{"embeddable":true,"href":"https:\/\/www.citeducourt.org\/en\/wp-json\/wp\/v2\/users\/4"}],"replies":[{"embeddable":true,"href":"https:\/\/www.citeducourt.org\/en\/wp-json\/wp\/v2\/comments?post=93502"}],"version-history":[{"count":8,"href":"https:\/\/www.citeducourt.org\/en\/wp-json\/wp\/v2\/pages\/93502\/revisions"}],"predecessor-version":[{"id":93510,"href":"https:\/\/www.citeducourt.org\/en\/wp-json\/wp\/v2\/pages\/93502\/revisions\/93510"}],"up":[{"embeddable":true,"href":"https:\/\/www.citeducourt.org\/en\/wp-json\/wp\/v2\/pages\/93574"}],"wp:attachment":[{"href":"https:\/\/www.citeducourt.org\/en\/wp-json\/wp\/v2\/media?parent=93502"}],"curies":[{"name":"wp","href":"https:\/\/api.w.org\/{rel}","templated":true}]}}