{"id":93559,"date":"2025-10-13T11:59:20","date_gmt":"2025-10-13T09:59:20","guid":{"rendered":"https:\/\/www.citeducourt.org\/?page_id=93559"},"modified":"2025-12-16T10:10:12","modified_gmt":"2025-12-16T09:10:12","slug":"they-have-come-through-le-court","status":"publish","type":"page","link":"https:\/\/www.citeducourt.org\/en\/legacy\/they-have-come-through-le-court\/","title":{"rendered":"They have come through &#8220;Le Court&#8221;"},"content":{"rendered":"<div class=\"wpb-content-wrapper\"><p>[vc_row][vc_column][vc_column_text css=&#8221;&#8221; el_class=&#8221;intro&#8221;]<\/p>\n<p data-start=\"0\" data-end=\"370\">The Clermont-Ferrand International Short Film Festival is the world\u2019s largest cinematic event dedicated to short films. Animated masterpieces, comedies, contemporary realities, genre films, graduation projects from the best film schools worldwide, documentaries &#8211; short films reveal their full richness and diversity in the heart of Auvergne during the depths of winter.<\/p>\n<p data-start=\"372\" data-end=\"772\" data-is-last-node=\"\" data-is-only-node=\"\">For nearly 50 years, the organizing association, <em data-start=\"421\" data-end=\"454\">Sauve qui peut le court m\u00e9trage<\/em>, has been committed to supporting the new generation of filmmakers &#8211; a mission made possible only with the collaboration of those who inspire us: directors, actors, producers, audiences, and loyal volunteers. Here is a non-exhaustive history of some of the great names who have passed through the \u201cLe Court\u201d.<\/p>\n<p>[\/vc_column_text][vc_row_inner][vc_column_inner][vc_column_text css=&#8221;.vc_custom_1760349433294{margin-bottom: 15px !important;}&#8221; el_class=&#8221;bloc sombre&#8221;]<\/p>\n<h3>The 2020&#8217;s<\/h3>\n<p>[\/vc_column_text][\/vc_column_inner][\/vc_row_inner][\/vc_column][\/vc_row][vc_row el_class=&#8221;bordure-verticale&#8221;][vc_column width=&#8221;1\/2&#8243;][vc_column_text css=&#8221;.vc_custom_1743411967162{margin-bottom: 15px !important;}&#8221;]<\/p>\n<h4>2024<\/h4>\n<p>[\/vc_column_text][vc_column_text css=&#8221;.vc_custom_1760349826431{margin-bottom: 15px !important;}&#8221;]<\/p>\n<p data-start=\"0\" data-end=\"215\">On the occasion of the double focus on women in front of and behind the camera, this exceptional edition of the Festival featured all-female juries across the three competitions: National, International, and Lab.<\/p>\n<p data-start=\"217\" data-end=\"386\">The labo jury (left) included <strong>Charlotte Boudon<\/strong> (artistic director), <strong>Ir\u00e8ne Dr\u00e9sel<\/strong> (musician, producer, singer-songwriter), and <strong>Vergine Keaton<\/strong> (director, visual artist).<\/p>\n<p data-start=\"388\" data-end=\"594\">The National Jury (center) featured <strong>Iris Brey<\/strong> (journalist, author, director), <strong>Aur\u00e9lie Reinhorn<\/strong> (director, screenwriter), <strong>Sabrina Seyvecou<\/strong> (actress), and <strong>Sarah Saidan<\/strong> (director and animation screenwriter).<\/p>\n<p data-start=\"596\" data-end=\"867\" data-is-last-node=\"\" data-is-only-node=\"\">Finally, the International Jury (right) was composed of <strong>Kim Keukeleire<\/strong> (South Korean animator), <strong>Jihan El-Tahri<\/strong> (Egyptian journalist, writer, and director), <strong>Kukla<\/strong> (Slovenian director, composer, and performer), and <strong>Irene Moray<\/strong> (Spanish director, actress, and photographer).<\/p>\n<p>[\/vc_column_text][vc_row_inner][vc_column_inner width=&#8221;1\/3&#8243;][vc_single_image image=&#8221;88833&#8243; img_size=&#8221;full&#8221; onclick=&#8221;link_image&#8221; css=&#8221;&#8221;][\/vc_column_inner][vc_column_inner width=&#8221;1\/3&#8243;][vc_single_image image=&#8221;88837&#8243; img_size=&#8221;full&#8221; onclick=&#8221;link_image&#8221; css=&#8221;&#8221;][\/vc_column_inner][vc_column_inner width=&#8221;1\/3&#8243;][vc_single_image image=&#8221;88835&#8243; img_size=&#8221;full&#8221; onclick=&#8221;link_image&#8221; css=&#8221;&#8221;][\/vc_column_inner][\/vc_row_inner][vc_separator border_width=&#8221;2&#8243; css=&#8221;&#8221;][vc_column_text css=&#8221;.vc_custom_1743413417974{margin-bottom: 15px !important;}&#8221;]<\/p>\n<h4>2022<\/h4>\n<p>[\/vc_column_text][vc_column_text css=&#8221;.vc_custom_1760349373587{margin-bottom: 15px !important;}&#8221;]The National Jury was made up of four professionals: director <strong>Yassine Qnia<\/strong>, actor <strong>Olivier Broche<\/strong>, animation filmmaker and illustrator <strong>Regina Pessoa<\/strong> (who had the honor of creating the poster for the Festival\u2019s 45th edition), and <strong>Vincent Ma\u00ebl Cardona<\/strong>, who received the C\u00e9sar for Best First Film less than a month after his appearance at the festival for <em data-start=\"352\" data-end=\"369\">Les Magn\u00e9tiques<\/em>.[\/vc_column_text][vc_single_image image=&#8221;88841&#8243; img_size=&#8221;full&#8221; onclick=&#8221;link_image&#8221; css=&#8221;&#8221;][\/vc_column][vc_column width=&#8221;1\/2&#8243;][vc_row_inner][vc_column_inner][vc_column_text css=&#8221;.vc_custom_1743412054402{margin-bottom: 15px !important;}&#8221;]<\/p>\n<h4>2023<\/h4>\n<p>[\/vc_column_text][vc_single_image image=&#8221;88829&#8243; img_size=&#8221;full&#8221; onclick=&#8221;link_image&#8221; css=&#8221;&#8221;][vc_column_text css=&#8221;.vc_custom_1760349424771{margin-bottom: 15px !important;}&#8221;]For this edition, a star-studded National Jury was in Clermont-Ferrand to watch the 56 French short films: <strong>Bastien Dubois<\/strong> (animation filmmaker), <strong>Claude le Pape<\/strong> (screenwriter and director, notably worked on <em data-start=\"206\" data-end=\"220\">Petit Paysan<\/em> by Hubert Charuel), <strong>Alain Guiraudie<\/strong> (director), <strong>Rabah Na\u00eft Oufella<\/strong> (actor), and <strong>Fanny Sidney<\/strong> (actress and director).[\/vc_column_text][vc_column_text css=&#8221;.vc_custom_1760349692647{margin-bottom: 15px !important;}&#8221;]The 2023 Lab Grand Prize, awarded by Ivete Lucas, Val\u00e9rie Mr\u00e9jen, and Ke-Xi Wu, went to <strong>Yann Gonzalez<\/strong> (director of both short and feature films, including <em data-start=\"156\" data-end=\"171\">Knife + Heart<\/em> and <em data-start=\"176\" data-end=\"207\">Les Rencontres d\u2019apr\u00e8s Minuit<\/em>) for his film <em data-start=\"222\" data-end=\"231\">Hideous<\/em>.[\/vc_column_text][vc_single_image image=&#8221;88831&#8243; img_size=&#8221;full&#8221; onclick=&#8221;link_image&#8221; css=&#8221;&#8221;][\/vc_column_inner][\/vc_row_inner][vc_separator border_width=&#8221;2&#8243; css=&#8221;&#8221;][vc_column_text css=&#8221;.vc_custom_1743413585875{margin-bottom: 15px !important;}&#8221;]<\/p>\n<h4>2021<\/h4>\n<p>[\/vc_column_text][vc_column_text css=&#8221;.vc_custom_1760349333179{margin-bottom: 15px !important;}&#8221;]<\/p>\n<article class=\"text-token-text-primary w-full focus:outline-none [--shadow-height:45px] has-data-writing-block:pointer-events-none has-data-writing-block:-mt-(--shadow-height) has-data-writing-block:pt-(--shadow-height) [&amp;:has([data-writing-block])&gt;*]:pointer-events-auto scroll-mt-[calc(var(--header-height)+min(200px,max(70px,20svh)))]\" dir=\"auto\" tabindex=\"-1\" data-turn-id=\"request-68ba8854-c878-8325-851f-61e5bceeb29e-19\" data-testid=\"conversation-turn-438\" data-scroll-anchor=\"true\" data-turn=\"assistant\">\n<div class=\"text-base my-auto mx-auto pb-10 [--thread-content-margin:--spacing(4)] thread-sm:[--thread-content-margin:--spacing(6)] thread-lg:[--thread-content-margin:--spacing(16)] px-(--thread-content-margin)\">\n<div class=\"[--thread-content-max-width:40rem] thread-lg:[--thread-content-max-width:48rem] mx-auto max-w-(--thread-content-max-width) flex-1 group\/turn-messages focus-visible:outline-hidden relative flex w-full min-w-0 flex-col agent-turn\" tabindex=\"-1\">\n<div class=\"flex max-w-full flex-col grow\">\n<div class=\"min-h-8 text-message relative flex w-full flex-col items-end gap-2 text-start break-words whitespace-normal [.text-message+&amp;]:mt-5\" dir=\"auto\" data-message-author-role=\"assistant\" data-message-id=\"ee23460a-e88c-4c42-8209-ab2496d31783\" data-message-model-slug=\"gpt-5-mini\">\n<div class=\"flex w-full flex-col gap-1 empty:hidden first:pt-[1px]\">\n<div class=\"markdown prose dark:prose-invert w-full break-words light markdown-new-styling\">\n<p data-start=\"0\" data-end=\"425\" data-is-last-node=\"\" data-is-only-node=\"\">For this exceptional year, as the festival was held entirely online, the International Jury was composed of directors <strong>Hefang Wei<\/strong> and <strong>Anthony Nti<\/strong>, actress and director <strong>B\u00e9rang\u00e8re McNeese<\/strong>, producer <strong>Bertrand Faivre<\/strong> (of the production company Le Bureau: <em data-start=\"249\" data-end=\"273\">La Panth\u00e8re des Neiges<\/em>, <em data-start=\"275\" data-end=\"302\">Un pays qui se tient sage<\/em>\u2026), and <strong>Pascale Faure<\/strong>, programmer and long-time festival collaborator, pictured here with her honorary Vercing\u00e9torix award.<\/p>\n<\/div>\n<\/div>\n<\/div>\n<\/div>\n<\/div>\n<\/div>\n<\/article>\n<p>[\/vc_column_text][vc_single_image image=&#8221;88843&#8243; img_size=&#8221;full&#8221; onclick=&#8221;link_image&#8221; css=&#8221;&#8221;][\/vc_column][\/vc_row][vc_row][vc_column][vc_column_text css=&#8221;.vc_custom_1760349283519{margin-bottom: 15px !important;}&#8221; el_class=&#8221;bloc sombre&#8221;]<\/p>\n<h3>The 2010&#8217;s<\/h3>\n<p>[\/vc_column_text][\/vc_column][\/vc_row][vc_row el_class=&#8221;bordure-verticale&#8221;][vc_column width=&#8221;1\/2&#8243;][vc_column_text css=&#8221;.vc_custom_1743413812492{margin-bottom: 15px !important;}&#8221;]<\/p>\n<h4>2019<\/h4>\n<p>[\/vc_column_text][vc_column_text css=&#8221;.vc_custom_1760349197060{margin-bottom: 15px !important;}&#8221;]<\/p>\n<div class=\"page\" title=\"Page 3\">\n<div class=\"layoutArea\">\n<div class=\"column\">\n<p data-start=\"0\" data-end=\"224\">The National Jury was composed of <strong>Hubert Charuel<\/strong> (director), <strong>C\u00e9line Devaux<\/strong> (director), <strong>Dominique Reymond<\/strong> (actress), <strong>Vincent Macaigne<\/strong> (actor, director, and stage director), and <strong>Jackie Berroyer<\/strong> (actor, screenwriter, writer).<\/p>\n<p data-start=\"226\" data-end=\"453\" data-is-last-node=\"\" data-is-only-node=\"\">The Lab Jury included <strong>Bruno Nuytten<\/strong> (director, cinematographer), <strong>Jenn Nkiru<\/strong> (director), and <strong>Claire Denis<\/strong> (director, screenwriter). Claire Denis received the Cannes Film Festival Grand Prix in 2022 for her film <em data-start=\"437\" data-end=\"452\">Stars at Noon<\/em>.<\/p>\n<\/div>\n<\/div>\n<\/div>\n<p>[\/vc_column_text][vc_row_inner][vc_column_inner width=&#8221;1\/2&#8243;][vc_single_image image=&#8221;88846&#8243; img_size=&#8221;full&#8221; onclick=&#8221;link_image&#8221; css=&#8221;&#8221;][\/vc_column_inner][vc_column_inner width=&#8221;1\/2&#8243;][vc_single_image image=&#8221;88856&#8243; img_size=&#8221;full&#8221; onclick=&#8221;link_image&#8221; css=&#8221;&#8221;][\/vc_column_inner][\/vc_row_inner][vc_separator border_width=&#8221;2&#8243; css=&#8221;&#8221;][vc_column_text css=&#8221;.vc_custom_1743414795588{margin-bottom: 15px !important;}&#8221;]<\/p>\n<h4>2017<\/h4>\n<p>[\/vc_column_text][vc_column_text css=&#8221;.vc_custom_1750780959583{margin-bottom: 15px !important;}&#8221;]<\/p>\n<div class=\"page\" title=\"Page 3\">\n<div class=\"layoutArea\">\n<div class=\"column\">\n<div class=\"page\" title=\"Page 2\">\n<div class=\"layoutArea\">\n<div class=\"column\">\n<p>Les re\u0301alisateurs<strong>\u00a0Benoi\u0302t Dele\u0301pine,\u00a0Se\u0301bastien Betbeder\u00a0<\/strong>et<strong>\u00a0Olivier Babinet<\/strong> \u00e9taient au jury national accompagne\u0301s par <strong>Laurie Le\u0301ve\u0302que<\/strong>\u00a0(come\u0301dienne) et\u00a0<strong>Maud Alpi<\/strong>\u00a0(re\u0301alisatrice).<\/p>\n<\/div>\n<\/div>\n<\/div>\n<p>Le re\u0301alisateur\u00a0<strong>Ladj Ly\u00a0<\/strong>(ici accompagn\u00e9 par une partie de son \u00e9quipe) venait pre\u0301senter son court me\u0301trage <em>Les Mise\u0301rables<\/em>. Il a re\u00e7u le prix CANAL+, et re\u0301alisera quelques anne\u0301es plus tard le long me\u0301trage du m\u00eame nom, qui recevra de nombreuses re\u0301compenses dont quatre C\u00e9sar et le Prix du jury au festival de Cannes.<\/p>\n<\/div>\n<\/div>\n<\/div>\n<p>[\/vc_column_text][vc_row_inner][vc_column_inner width=&#8221;1\/2&#8243;][vc_single_image image=&#8221;88859&#8243; img_size=&#8221;full&#8221; onclick=&#8221;link_image&#8221; css=&#8221;&#8221;][\/vc_column_inner][vc_column_inner width=&#8221;1\/2&#8243;][vc_single_image image=&#8221;88861&#8243; img_size=&#8221;full&#8221; onclick=&#8221;link_image&#8221; css=&#8221;&#8221;][\/vc_column_inner][\/vc_row_inner][vc_separator border_width=&#8221;2&#8243; css=&#8221;&#8221;][vc_column_text css=&#8221;.vc_custom_1743419458934{margin-bottom: 15px !important;}&#8221;]<\/p>\n<h4>2015<\/h4>\n<p>[\/vc_column_text][vc_column_text css=&#8221;.vc_custom_1760348975107{margin-bottom: 15px !important;}&#8221;]<\/p>\n<div class=\"page\" title=\"Page 3\">\n<div class=\"layoutArea\">\n<div class=\"column\">\n<div class=\"page\" title=\"Page 2\">\n<div class=\"layoutArea\">\n<div class=\"column\">\n<p>Here\u2019s a National Jury that saw the birth of some lasting friendships: alongside writer and director <strong>Christian Rouaud<\/strong> (<em data-start=\"119\" data-end=\"135\">Tous au Larzac<\/em>), a young generation of artists came together, including <strong>Lyes Salem<\/strong> (actor, director, and screenwriter), <strong>Thomas Cailley<\/strong> (director and screenwriter of the acclaimed <em data-start=\"300\" data-end=\"317\">Le R\u00e8gne animal<\/em>), <strong>Claire Burger<\/strong> (whose latest feature <em data-start=\"356\" data-end=\"374\">Langue \u00e9trang\u00e8re<\/em> was released in 2024), and the rapper, writer, and director <strong>Abd Al Malik<\/strong>.<\/p>\n<\/div>\n<\/div>\n<\/div>\n<\/div>\n<\/div>\n<\/div>\n<p>[\/vc_column_text][vc_single_image image=&#8221;88880&#8243; img_size=&#8221;full&#8221; onclick=&#8221;link_image&#8221; css=&#8221;&#8221;][vc_separator border_width=&#8221;2&#8243; css=&#8221;&#8221;][vc_column_text css=&#8221;.vc_custom_1743415904400{margin-bottom: 15px !important;}&#8221;]<\/p>\n<h4>2013<\/h4>\n<p>[\/vc_column_text][vc_column_text css=&#8221;.vc_custom_1760348932714{margin-bottom: 15px !important;}&#8221;]<\/p>\n<div class=\"page\" title=\"Page 3\">\n<div class=\"layoutArea\">\n<div class=\"column\">\n<div class=\"page\" title=\"Page 2\">\n<div class=\"layoutArea\">\n<div class=\"column\">\n<p data-start=\"0\" data-end=\"146\">Director <strong>Philippe Le Guay<\/strong>, often associated with Fabrice Luchini and known for films such as <em data-start=\"93\" data-end=\"117\">Les Femmes du 6e \u00e9tage<\/em>, was on the National Jury.<\/p>\n<p data-start=\"148\" data-end=\"404\" data-is-last-node=\"\" data-is-only-node=\"\"><strong>Beno\u00eet Forgeard<\/strong>, director and actor, served on the Lab Jury. Selected in 2019 with his film <em data-start=\"241\" data-end=\"247\">Yves<\/em> at the Directors&#8217; Fortnight, he had also directed <em data-start=\"298\" data-end=\"313\">Gaz de France<\/em>. Audiences could see him act in <em data-start=\"346\" data-end=\"359\">Les L\u00e9zards<\/em>, set in a hammam alongside Vincent Macaigne.<\/p>\n<\/div>\n<\/div>\n<\/div>\n<\/div>\n<\/div>\n<\/div>\n<p>[\/vc_column_text][vc_row_inner][vc_column_inner width=&#8221;1\/2&#8243;][vc_single_image image=&#8221;88869&#8243; img_size=&#8221;full&#8221; onclick=&#8221;link_image&#8221; css=&#8221;&#8221;][\/vc_column_inner][vc_column_inner width=&#8221;1\/2&#8243;][vc_single_image image=&#8221;88871&#8243; img_size=&#8221;full&#8221; onclick=&#8221;link_image&#8221; css=&#8221;&#8221;][\/vc_column_inner][\/vc_row_inner][\/vc_column][vc_column width=&#8221;1\/2&#8243;][vc_column_text css=&#8221;.vc_custom_1760349273215{margin-bottom: 15px !important;}&#8221;]<\/p>\n<h4>2018: The festival celebrates its 40th anniversary!<\/h4>\n<p>[\/vc_column_text][vc_column_text css=&#8221;.vc_custom_1760349259422{margin-bottom: 15px !important;}&#8221;]<\/p>\n<div class=\"page\" title=\"Page 3\">\n<div class=\"layoutArea\">\n<div class=\"column\">\n<div class=\"page\" title=\"Page 3\">\n<div class=\"layoutArea\">\n<div class=\"column\">\n<p data-start=\"0\" data-end=\"152\">An actors\u2019 masterclass was presented by Laurent Weil with four notable guests: <strong>Laurent Lucas<\/strong>, <strong>Philippe Rebbot<\/strong>, <strong>Franc Bruneau<\/strong>, and <strong>Laetitia Spigarelli<\/strong>.<\/p>\n<p data-start=\"154\" data-end=\"625\" data-is-last-node=\"\" data-is-only-node=\"\">The team from <em data-start=\"168\" data-end=\"186\">Jusqu\u2019\u00e0 la garde<\/em> came to present the film in a preview screening, with <strong>L\u00e9a Drucker<\/strong> and <strong>Denis Menochet<\/strong> supporting director <strong>Xavier Legrand<\/strong>. The short film <em data-start=\"323\" data-end=\"349\">Avant que de tout perdre<\/em>, which can be considered a prequel to the feature, had been a hit at Clermont-Ferrand, winning the Grand Prix, the Press Prize, the Student Prize, and the National Audience Award in 2013. The feature film went on to receive no fewer than five C\u00e9sar Awards the following year.<\/p>\n<\/div>\n<\/div>\n<\/div>\n<\/div>\n<\/div>\n<\/div>\n<p>[\/vc_column_text][vc_row_inner][vc_column_inner width=&#8221;1\/2&#8243;][vc_single_image image=&#8221;88850&#8243; img_size=&#8221;full&#8221; onclick=&#8221;link_image&#8221; css=&#8221;&#8221;][\/vc_column_inner][vc_column_inner width=&#8221;1\/2&#8243;][vc_single_image image=&#8221;88852&#8243; img_size=&#8221;full&#8221; onclick=&#8221;link_image&#8221; css=&#8221;&#8221;][\/vc_column_inner][\/vc_row_inner][vc_separator border_width=&#8221;2&#8243; css=&#8221;&#8221;][vc_column_text css=&#8221;.vc_custom_1743415136356{margin-bottom: 15px !important;}&#8221;]<\/p>\n<h4>2016<\/h4>\n<p>[\/vc_column_text][vc_column_text css=&#8221;.vc_custom_1760349025922{margin-bottom: 15px !important;}&#8221;]<\/p>\n<div class=\"page\" title=\"Page 3\">\n<div class=\"layoutArea\">\n<div class=\"column\">\n<div class=\"page\" title=\"Page 2\">\n<div class=\"layoutArea\">\n<div class=\"column\">\n<p>The National Jury brought together <strong>Philippe Faucon<\/strong>, director of <em data-start=\"64\" data-end=\"72\">Fatima<\/em> (winner of three C\u00e9sar Awards in 2016); filmmakers <strong>Guillaume Brac<\/strong> (director of numerous short and feature films, including <em data-start=\"196\" data-end=\"210\">\u00c0 l&#8217;Abordage<\/em> in 2020), <strong>\u00c9milie Brisavoine<\/strong> (director of <em data-start=\"252\" data-end=\"271\">Pauline s&#8217;arrache<\/em>), and <strong>Leyla Bouzid<\/strong> (director of <em data-start=\"304\" data-end=\"338\">Une histoire d&#8217;amour et de d\u00e9sir<\/em>, presented at Cannes in 2021). Bottom right, the musician <strong>Dom La Nena<\/strong>, cello virtuoso, performing alongside Rosemary Standley (singer of Moriarty) since 2012 in <em data-start=\"500\" data-end=\"515\">Birds on Wire<\/em>.<\/p>\n<\/div>\n<\/div>\n<\/div>\n<\/div>\n<\/div>\n<\/div>\n<p>[\/vc_column_text][vc_single_image image=&#8221;88863&#8243; img_size=&#8221;full&#8221; onclick=&#8221;link_image&#8221; css=&#8221;&#8221;][vc_separator border_width=&#8221;2&#8243; css=&#8221;&#8221;][vc_column_text css=&#8221;.vc_custom_1743415459615{margin-bottom: 15px !important;}&#8221;]<\/p>\n<h4>2014<\/h4>\n<p>[\/vc_column_text][vc_row_inner][vc_column_inner width=&#8221;2\/3&#8243;][vc_column_text css=&#8221;.vc_custom_1750780877998{margin-bottom: 15px !important;}&#8221;]<\/p>\n<div class=\"page\" title=\"Page 3\">\n<div class=\"layoutArea\">\n<div class=\"column\">\n<div class=\"page\" title=\"Page 2\">\n<div class=\"layoutArea\">\n<div class=\"column\">\n<p><strong>Arthur Harari<\/strong> recevait le prix e\u0301tudiant et une mention presse Te\u0301le\u0301rama pour son film <em>Peine perdue<\/em>. Il re\u0301alisera par la suite les longs me\u0301trages\u00a0<em>Diamant noir<\/em> (qui permit \u00e0 Niels Schneider d&#8217;obtenir le C\u00e9sar du meilleur espoir masculin), <em>Onoda<\/em>, qui a ouvert la se\u0301lection Un certain regard a\u0300 Cannes en 2021 ou encore co-\u00e9crit avec Justine Triet le d\u00e9sormais culte <em>Anatomie d&#8217;une chute<\/em>.<\/p>\n<\/div>\n<\/div>\n<\/div>\n<\/div>\n<\/div>\n<\/div>\n<p>[\/vc_column_text][\/vc_column_inner][vc_column_inner width=&#8221;1\/3&#8243;][vc_single_image image=&#8221;88866&#8243; img_size=&#8221;full&#8221; onclick=&#8221;link_image&#8221; css=&#8221;&#8221;][\/vc_column_inner][\/vc_row_inner][vc_row_inner][vc_column_inner][vc_separator border_width=&#8221;2&#8243; css=&#8221;&#8221;][vc_column_text css=&#8221;.vc_custom_1743416009817{margin-bottom: 15px !important;}&#8221;]<\/p>\n<h4>2012<\/h4>\n<p>[\/vc_column_text][\/vc_column_inner][\/vc_row_inner][vc_row_inner][vc_column_inner width=&#8221;1\/2&#8243;][vc_single_image image=&#8221;88873&#8243; img_size=&#8221;full&#8221; onclick=&#8221;link_image&#8221; css=&#8221;&#8221;][\/vc_column_inner][vc_column_inner width=&#8221;1\/2&#8243;][vc_column_text css=&#8221;.vc_custom_1760348889799{margin-bottom: 15px !important;}&#8221;]<\/p>\n<div class=\"page\" title=\"Page 3\">\n<div class=\"layoutArea\">\n<div class=\"column\">\n<div class=\"page\" title=\"Page 2\">\n<div class=\"layoutArea\">\n<div class=\"column\">\n<p data-start=\"0\" data-end=\"218\">The young director <strong>Vincent Macaigne<\/strong> received the Grand Prize and the <em>T\u00e9l\u00e9rama<\/em> Press Award in the national competition, along with a special mention from the student jury for his first film <em data-start=\"189\" data-end=\"215\">Ce qu&#8217;il restera de nous<\/em>.<\/p>\n<p data-start=\"220\" data-end=\"266\" data-is-last-node=\"\" data-is-only-node=\"\">He would later join the National Jury in 2019.<\/p>\n<\/div>\n<\/div>\n<\/div>\n<\/div>\n<\/div>\n<\/div>\n<p>[\/vc_column_text][\/vc_column_inner][\/vc_row_inner][\/vc_column][\/vc_row][vc_row][vc_column][vc_column_text css=&#8221;.vc_custom_1760347843164{margin-bottom: 15px !important;}&#8221; el_class=&#8221;bloc sombre&#8221;]<\/p>\n<h3>The 2000&#8217;s<\/h3>\n<p>[\/vc_column_text][\/vc_column][\/vc_row][vc_row el_class=&#8221;bordure-verticale&#8221;][vc_column width=&#8221;1\/2&#8243;][vc_column_text css=&#8221;.vc_custom_1743420324484{margin-bottom: 15px !important;}&#8221;]<\/p>\n<h4>2009<\/h4>\n<p>[\/vc_column_text][vc_row_inner][vc_column_inner width=&#8221;1\/2&#8243;][vc_column_text css=&#8221;.vc_custom_1760347832022{margin-bottom: 15px !important;}&#8221;]<\/p>\n<div class=\"page\" title=\"Page 3\">\n<div class=\"layoutArea\">\n<div class=\"column\">\n<div class=\"page\" title=\"Page 2\">\n<div class=\"layoutArea\">\n<div class=\"column\">\n<p>Action film director <strong>Olivier Megaton<\/strong> served on the national jury. After making numerous short films, he went on to work with Luc Besson on big-budget features, including several <em data-start=\"178\" data-end=\"185\">Taken<\/em> films and <em data-start=\"196\" data-end=\"211\">Transporter 3<\/em>.<\/p>\n<\/div>\n<\/div>\n<\/div>\n<\/div>\n<\/div>\n<\/div>\n<p>[\/vc_column_text][\/vc_column_inner][vc_column_inner width=&#8221;1\/2&#8243;][vc_single_image image=&#8221;88882&#8243; img_size=&#8221;full&#8221; onclick=&#8221;link_image&#8221; css=&#8221;&#8221;][\/vc_column_inner][\/vc_row_inner][vc_row_inner][vc_column_inner][vc_separator border_width=&#8221;2&#8243; css=&#8221;&#8221;][vc_column_text css=&#8221;.vc_custom_1743420940114{margin-bottom: 15px !important;}&#8221;]<\/p>\n<h4>2004<\/h4>\n<p>[\/vc_column_text][vc_column_text css=&#8221;.vc_custom_1760347701973{margin-bottom: 15px !important;}&#8221;]<\/p>\n<div class=\"page\" title=\"Page 3\">\n<div class=\"layoutArea\">\n<div class=\"column\">\n<div class=\"page\" title=\"Page 2\">\n<div class=\"layoutArea\">\n<div class=\"column\">\n<p>Israeli filmmaker and actress <strong>Hiam Abbas<\/strong> presented her film <em data-start=\"60\" data-end=\"79\">The Eternal Dance<\/em>, which won the Procirep Production Award.<br data-start=\"121\" data-end=\"124\" \/>Actor and director <strong>Mathieu Amalric<\/strong>, meanwhile, made a notable appearance on the National Jury.<\/p>\n<\/div>\n<\/div>\n<\/div>\n<\/div>\n<\/div>\n<\/div>\n<p>[\/vc_column_text][\/vc_column_inner][\/vc_row_inner][vc_row_inner][vc_column_inner width=&#8221;1\/2&#8243;][vc_single_image image=&#8221;88888&#8243; img_size=&#8221;full&#8221; onclick=&#8221;link_image&#8221; css=&#8221;&#8221;][\/vc_column_inner][vc_column_inner width=&#8221;1\/2&#8243;][vc_single_image image=&#8221;88890&#8243; img_size=&#8221;full&#8221; onclick=&#8221;link_image&#8221; css=&#8221;&#8221;][\/vc_column_inner][\/vc_row_inner][vc_row_inner][vc_column_inner][vc_separator border_width=&#8221;2&#8243; css=&#8221;&#8221;][vc_column_text css=&#8221;.vc_custom_1743421439254{margin-bottom: 15px !important;}&#8221;]<\/p>\n<h4>2000<\/h4>\n<p>[\/vc_column_text][vc_column_text css=&#8221;.vc_custom_1760347593737{margin-bottom: 15px !important;}&#8221;]<\/p>\n<div class=\"page\" title=\"Page 3\">\n<div class=\"layoutArea\">\n<div class=\"column\">\n<div class=\"page\" title=\"Page 2\">\n<div class=\"layoutArea\">\n<div class=\"column\">\n<p data-start=\"0\" data-end=\"101\">Belgian actor and director <strong>Bouli Lanners<\/strong> was competing in the national section with <em data-start=\"84\" data-end=\"98\">Travellinckx<\/em>.<\/p>\n<p data-start=\"103\" data-end=\"307\" data-is-last-node=\"\" data-is-only-node=\"\">The young and already inseparable directors <strong>Olivier Nakache<\/strong> and <strong>\u00c9ric Toledano <\/strong>&#8211; who would later go on to make <em data-start=\"215\" data-end=\"233\">Those Happy Days<\/em>, <em data-start=\"235\" data-end=\"253\">The Intouchables<\/em>, and <em data-start=\"259\" data-end=\"274\">C\u2019est la vie! &#8211; <\/em>presented <em data-start=\"285\" data-end=\"306\">Les Petits Souliers<\/em>.<\/p>\n<\/div>\n<\/div>\n<\/div>\n<\/div>\n<\/div>\n<\/div>\n<p>[\/vc_column_text][\/vc_column_inner][\/vc_row_inner][vc_row_inner][vc_column_inner width=&#8221;1\/3&#8243;][vc_single_image image=&#8221;88896&#8243; img_size=&#8221;full&#8221; onclick=&#8221;link_image&#8221; css=&#8221;&#8221;][\/vc_column_inner][vc_column_inner width=&#8221;1\/3&#8243;][vc_single_image image=&#8221;88898&#8243; img_size=&#8221;full&#8221; onclick=&#8221;link_image&#8221; css=&#8221;&#8221;][\/vc_column_inner][vc_column_inner width=&#8221;1\/3&#8243;][vc_single_image image=&#8221;88900&#8243; img_size=&#8221;full&#8221; onclick=&#8221;link_image&#8221; css=&#8221;&#8221;][\/vc_column_inner][\/vc_row_inner][\/vc_column][vc_column width=&#8221;1\/2&#8243;][vc_column_text css=&#8221;.vc_custom_1743420427252{margin-bottom: 15px !important;}&#8221;]<\/p>\n<h4>2007<\/h4>\n<p>[\/vc_column_text][vc_column_text css=&#8221;.vc_custom_1760347799168{margin-bottom: 15px !important;}&#8221;]<\/p>\n<div class=\"page\" title=\"Page 3\">\n<div class=\"layoutArea\">\n<div class=\"column\">\n<div class=\"page\" title=\"Page 2\">\n<div class=\"layoutArea\">\n<div class=\"column\">\n<p>The multidisciplinary and unclassifiable artist <strong>Rosto<\/strong>, creator of <em data-start=\"66\" data-end=\"91\">Thee Wreckers Tetralogy<\/em> and designer of the 2007 festival poster, served on the Labo jury. <strong>Jean-Marc Vall\u00e9e<\/strong>, the multi-award-winning director of <em data-start=\"213\" data-end=\"233\">Dallas Buyers Club<\/em>, was on the International Jury.<\/p>\n<\/div>\n<\/div>\n<\/div>\n<\/div>\n<\/div>\n<\/div>\n<p>[\/vc_column_text][vc_row_inner][vc_column_inner width=&#8221;1\/2&#8243;][vc_single_image image=&#8221;88884&#8243; img_size=&#8221;full&#8221; onclick=&#8221;link_image&#8221; css=&#8221;&#8221;][\/vc_column_inner][vc_column_inner width=&#8221;1\/2&#8243;][vc_single_image image=&#8221;88886&#8243; img_size=&#8221;full&#8221; onclick=&#8221;link_image&#8221; css=&#8221;&#8221;][\/vc_column_inner][\/vc_row_inner][vc_row_inner][vc_column_inner][vc_separator border_width=&#8221;2&#8243; css=&#8221;&#8221;][vc_column_text css=&#8221;.vc_custom_1743420953011{margin-bottom: 15px !important;}&#8221;]<\/p>\n<h4>2002<\/h4>\n<p>[\/vc_column_text][vc_column_text css=&#8221;.vc_custom_1760347720730{margin-bottom: 15px !important;}&#8221;]<\/p>\n<div class=\"page\" title=\"Page 3\">\n<div class=\"layoutArea\">\n<div class=\"column\">\n<div class=\"page\" title=\"Page 2\">\n<div class=\"layoutArea\">\n<div class=\"column\">\n<p data-start=\"0\" data-end=\"140\"><strong>Antonin Peretjatko<\/strong>, a prolific director moving between short and feature films, was selected in the National Competition with <em data-start=\"126\" data-end=\"137\">Rush Hour<\/em>.<\/p>\n<p data-start=\"142\" data-end=\"406\" data-is-last-node=\"\" data-is-only-node=\"\"><strong>Jalil Lespert<\/strong> was also present, pictured below with his co-director S\u00e9bastien Dacek for <em data-start=\"230\" data-end=\"249\">Coffee and Dreams<\/em> &#8211; two years after serving on the National Jury and just one year after receiving the C\u00e9sar Award for Most Promising Actor for his role in <em data-start=\"388\" data-end=\"405\">Human Resources<\/em>.<\/p>\n<\/div>\n<\/div>\n<\/div>\n<\/div>\n<\/div>\n<\/div>\n<p>[\/vc_column_text][\/vc_column_inner][\/vc_row_inner][vc_row_inner][vc_column_inner width=&#8221;1\/2&#8243;][vc_single_image image=&#8221;88892&#8243; img_size=&#8221;full&#8221; onclick=&#8221;link_image&#8221; css=&#8221;&#8221;][\/vc_column_inner][vc_column_inner width=&#8221;1\/2&#8243;][vc_single_image image=&#8221;88894&#8243; img_size=&#8221;full&#8221; onclick=&#8221;link_image&#8221; css=&#8221;&#8221;][\/vc_column_inner][\/vc_row_inner][\/vc_column][\/vc_row][vc_row][vc_column][vc_column_text css=&#8221;.vc_custom_1760347516064{margin-bottom: 15px !important;}&#8221; el_class=&#8221;bloc sombre&#8221;]<\/p>\n<h3>The 90&#8217;s<\/h3>\n<p>[\/vc_column_text][\/vc_column][\/vc_row][vc_row el_class=&#8221;bordure-verticale&#8221;][vc_column width=&#8221;1\/2&#8243;][vc_column_text css=&#8221;.vc_custom_1743421734198{margin-bottom: 15px !important;}&#8221;]<\/p>\n<h4>1998<\/h4>\n<p>[\/vc_column_text][vc_row_inner][vc_column_inner][vc_column_text css=&#8221;.vc_custom_1760347442193{margin-bottom: 15px !important;}&#8221;]<\/p>\n<p class=\"p1\"><strong>Zinedine Soualem<\/strong>, a regular at the Short Film Festival, was a member of the National Jury. A longtime friend of the organizing team, he\u2019s pictured here with Christian Denier.<\/p>\n<p>[\/vc_column_text][vc_single_image image=&#8221;88903&#8243; img_size=&#8221;full&#8221; onclick=&#8221;link_image&#8221; css=&#8221;&#8221;][\/vc_column_inner][\/vc_row_inner][vc_row_inner][vc_column_inner][vc_separator border_width=&#8221;2&#8243; css=&#8221;&#8221;][vc_column_text css=&#8221;.vc_custom_1743423245056{margin-bottom: 15px !important;}&#8221;]<\/p>\n<h4>1994<\/h4>\n<p>[\/vc_column_text][\/vc_column_inner][\/vc_row_inner][vc_row_inner][vc_column_inner width=&#8221;1\/2&#8243;][vc_column_text css=&#8221;.vc_custom_1760347232872{margin-bottom: 15px !important;}&#8221;]<\/p>\n<div class=\"page\" title=\"Page 3\">\n<div class=\"layoutArea\">\n<div class=\"column\">\n<div class=\"page\" title=\"Page 2\">\n<div class=\"layoutArea\">\n<div class=\"column\">\n<p>The young actress <strong>Claire Nebout<\/strong>, who had previously worked under the direction of Andr\u00e9 T\u00e9chin\u00e9, Claude Zidi, and Marco Bellocchio, was invited to join the National Jury.<\/p>\n<\/div>\n<\/div>\n<\/div>\n<\/div>\n<\/div>\n<\/div>\n<p>[\/vc_column_text][\/vc_column_inner][vc_column_inner width=&#8221;1\/2&#8243;][vc_single_image image=&#8221;88915&#8243; img_size=&#8221;full&#8221; onclick=&#8221;link_image&#8221; css=&#8221;&#8221;][\/vc_column_inner][\/vc_row_inner][vc_row_inner][vc_column_inner][vc_column_text css=&#8221;.vc_custom_1760347179030{margin-bottom: 15px !important;}&#8221;]<\/p>\n<div class=\"page\" title=\"Page 3\">\n<div class=\"layoutArea\">\n<div class=\"column\">\n<div class=\"page\" title=\"Page 2\">\n<div class=\"layoutArea\">\n<div class=\"column\">\n<p data-start=\"0\" data-end=\"235\">In the National Competition, two future major filmmakers went head-to-head: <strong data-start=\"76\" data-end=\"95\">Xavier Giannoli<\/strong> was presenting his first short film, <em data-start=\"133\" data-end=\"146\">Le Condamn\u00e9<\/em>, more than 25 years before releasing his seven-C\u00e9sar-winning feature <em data-start=\"216\" data-end=\"232\">Lost Illusions<\/em>.<\/p>\n<p data-start=\"237\" data-end=\"451\" data-is-last-node=\"\" data-is-only-node=\"\">Meanwhile, prolific screenwriter <strong data-start=\"270\" data-end=\"289\">Gilles Marchand<\/strong> &#8211; who would go on to collaborate with Laurent Cantet, Dominik Moll, Val\u00e9rie Donzelli, and C\u00e9dric Kahn &#8211; won the Grand Prix for <em data-start=\"437\" data-end=\"450\">Joyeux No\u00ebl<\/em>.<\/p>\n<\/div>\n<\/div>\n<\/div>\n<\/div>\n<\/div>\n<\/div>\n<p>[\/vc_column_text][\/vc_column_inner][\/vc_row_inner][vc_row_inner][vc_column_inner width=&#8221;1\/2&#8243;][vc_single_image image=&#8221;88949&#8243; img_size=&#8221;full&#8221; onclick=&#8221;link_image&#8221; css=&#8221;&#8221;][\/vc_column_inner][vc_column_inner width=&#8221;1\/2&#8243;][vc_single_image image=&#8221;88951&#8243; img_size=&#8221;full&#8221; onclick=&#8221;link_image&#8221; css=&#8221;&#8221;][\/vc_column_inner][\/vc_row_inner][vc_row_inner][vc_column_inner][vc_separator border_width=&#8221;2&#8243; css=&#8221;&#8221;][vc_column_text css=&#8221;.vc_custom_1743422487044{margin-bottom: 15px !important;}&#8221;]<\/p>\n<h4>1990<\/h4>\n<p>[\/vc_column_text][vc_column_text css=&#8221;.vc_custom_1760347057344{margin-bottom: 15px !important;}&#8221;]<\/p>\n<div class=\"page\" title=\"Page 3\">\n<div class=\"layoutArea\">\n<div class=\"column\">\n<div class=\"page\" title=\"Page 2\">\n<div class=\"layoutArea\">\n<div class=\"column\">\n<p>The eternal Antoine Doinel, a.k.a. <strong>Jean-Pierre L\u00e9aud<\/strong> &#8211; the quintessential actor of the French New Wave &#8211; served as a jury member alongside screenwriter <strong data-start=\"152\" data-end=\"173\">Suzanne Schiffman<\/strong> (who also collaborated extensively with Fran\u00e7ois Truffaut) and actor <strong data-start=\"243\" data-end=\"262\">G\u00e9rard Desarthe<\/strong>.<\/p>\n<\/div>\n<\/div>\n<\/div>\n<\/div>\n<\/div>\n<\/div>\n<p>[\/vc_column_text][vc_single_image image=&#8221;88909&#8243; img_size=&#8221;full&#8221; onclick=&#8221;link_image&#8221; css=&#8221;&#8221;][\/vc_column_inner][\/vc_row_inner][\/vc_column][vc_column width=&#8221;1\/2&#8243;][vc_column_text css=&#8221;.vc_custom_1743421819816{margin-bottom: 15px !important;}&#8221;]<\/p>\n<h4>1995<\/h4>\n<p>[\/vc_column_text][vc_column_text css=&#8221;.vc_custom_1760347376316{margin-bottom: 15px !important;}&#8221;]<\/p>\n<div class=\"page\" title=\"Page 3\">\n<div class=\"layoutArea\">\n<div class=\"column\">\n<div class=\"page\" title=\"Page 2\">\n<div class=\"layoutArea\">\n<div class=\"column\">\n<p>What a rich year for short films! On the jury side, filmmaker <strong data-start=\"62\" data-end=\"77\">Tony Gatlif<\/strong> served on the International Competition, while the legendary actress <strong data-start=\"151\" data-end=\"171\">Micheline Presle<\/strong> was part of the National Jury.<\/p>\n<\/div>\n<\/div>\n<\/div>\n<\/div>\n<\/div>\n<\/div>\n<p>[\/vc_column_text][vc_row_inner][vc_column_inner width=&#8221;1\/2&#8243;][vc_single_image image=&#8221;88935&#8243; img_size=&#8221;full&#8221; onclick=&#8221;link_image&#8221; css=&#8221;&#8221;][\/vc_column_inner][vc_column_inner width=&#8221;1\/2&#8243;][vc_single_image image=&#8221;88937&#8243; img_size=&#8221;full&#8221; onclick=&#8221;link_image&#8221; css=&#8221;&#8221;][\/vc_column_inner][\/vc_row_inner][vc_column_text css=&#8221;.vc_custom_1760347324211{margin-bottom: 15px !important;}&#8221;]<\/p>\n<div class=\"page\" title=\"Page 3\">\n<div class=\"layoutArea\">\n<div class=\"column\">\n<div class=\"page\" title=\"Page 2\">\n<div class=\"layoutArea\">\n<div class=\"column\">\n<p data-start=\"0\" data-end=\"113\">In the international competition, young Qu\u00e9b\u00e9cois filmmaker <strong data-start=\"60\" data-end=\"80\">Denis Villeneuve<\/strong> presented his film <em data-start=\"100\" data-end=\"110\">REW FFWD<\/em>.<\/p>\n<p data-start=\"115\" data-end=\"382\" data-is-last-node=\"\" data-is-only-node=\"\">But it was Danish director<strong data-start=\"126\" data-end=\"163\"> Thomas Vinterberg<\/strong> who won the Audience Award, along with a Special Jury Mention, for <em data-start=\"239\" data-end=\"269\">The Boy Who Walked Backwards<\/em>. Two years later, he would direct <em data-start=\"304\" data-end=\"312\">Festen<\/em>, which went on to win the Jury Prize at the Cannes Film Festival.<\/p>\n<\/div>\n<\/div>\n<\/div>\n<\/div>\n<\/div>\n<\/div>\n<p>[\/vc_column_text][vc_row_inner][vc_column_inner width=&#8221;1\/2&#8243;][vc_single_image image=&#8221;88939&#8243; img_size=&#8221;full&#8221; onclick=&#8221;link_image&#8221; css=&#8221;&#8221;][\/vc_column_inner][vc_column_inner width=&#8221;1\/2&#8243;][vc_single_image image=&#8221;88941&#8243; img_size=&#8221;full&#8221; onclick=&#8221;link_image&#8221; css=&#8221;&#8221;][\/vc_column_inner][\/vc_row_inner][vc_column_text css=&#8221;.vc_custom_1760347277000{margin-bottom: 15px !important;}&#8221;]<\/p>\n<div class=\"page\" title=\"Page 3\">\n<div class=\"layoutArea\">\n<div class=\"column\">\n<div class=\"page\" title=\"Page 2\">\n<div class=\"layoutArea\">\n<div class=\"column\">\n<p data-start=\"0\" data-end=\"63\">The National Competition also featured some remarkable names.<\/p>\n<p data-start=\"65\" data-end=\"150\"><strong data-start=\"65\" data-end=\"82\">Fran\u00e7ois Ozon<\/strong> was back for the third time with his short film <em data-start=\"131\" data-end=\"147\">La Petite Mort<\/em>.<\/p>\n<p data-start=\"152\" data-end=\"220\"><strong data-start=\"152\" data-end=\"170\">Laurent Cantet<\/strong> came to present his now-cult <em data-start=\"200\" data-end=\"217\">Tous \u00e0 la manif<\/em>.<\/p>\n<p data-start=\"222\" data-end=\"300\" data-is-last-node=\"\" data-is-only-node=\"\">But it was <strong data-start=\"233\" data-end=\"248\">\u00c9rick Zonca<\/strong> who took home the <strong data-start=\"267\" data-end=\"281\">Grand Prix<\/strong> with <em data-start=\"287\" data-end=\"299\">\u00c9ternelles<\/em>.<\/p>\n<\/div>\n<\/div>\n<\/div>\n<\/div>\n<\/div>\n<\/div>\n<p>[\/vc_column_text][vc_row_inner][vc_column_inner width=&#8221;1\/3&#8243;][vc_single_image image=&#8221;88943&#8243; img_size=&#8221;full&#8221; onclick=&#8221;link_image&#8221; css=&#8221;&#8221;][\/vc_column_inner][vc_column_inner width=&#8221;1\/3&#8243;][vc_single_image image=&#8221;88945&#8243; img_size=&#8221;full&#8221; onclick=&#8221;link_image&#8221; css=&#8221;&#8221;][\/vc_column_inner][vc_column_inner width=&#8221;1\/3&#8243;][vc_single_image image=&#8221;88947&#8243; img_size=&#8221;full&#8221; onclick=&#8221;link_image&#8221; css=&#8221;&#8221;][\/vc_column_inner][\/vc_row_inner][vc_row_inner][vc_column_inner][vc_separator border_width=&#8221;2&#8243; css=&#8221;&#8221;][vc_column_text css=&#8221;.vc_custom_1743421863144{margin-bottom: 15px !important;}&#8221;]<\/p>\n<h4>1992<\/h4>\n<p>[\/vc_column_text][vc_column_text css=&#8221;.vc_custom_1760347126285{margin-bottom: 15px !important;}&#8221;]<\/p>\n<div class=\"page\" title=\"Page 3\">\n<div class=\"layoutArea\">\n<div class=\"column\">\n<div class=\"page\" title=\"Page 2\">\n<div class=\"layoutArea\">\n<div class=\"column\">\n<p data-start=\"0\" data-end=\"170\">The National Jury posed here: director <strong data-start=\"39\" data-end=\"54\">Michel Such<\/strong>, actress <strong data-start=\"64\" data-end=\"84\">Val\u00e9rie Mairesse<\/strong>, actor <strong data-start=\"92\" data-end=\"109\">F\u00e9odor Atkine<\/strong>, actress <strong data-start=\"119\" data-end=\"134\">Agn\u00e8s Soral<\/strong>, and illustrator <strong data-start=\"152\" data-end=\"167\">Max Cabanes<\/strong>.<\/p>\n<p data-start=\"172\" data-end=\"666\" data-is-last-node=\"\" data-is-only-node=\"\">That same year saw the screening of <em data-start=\"210\" data-end=\"217\">Carne<\/em> by <strong data-start=\"223\" data-end=\"237\">Gaspar No\u00e9<\/strong>, featuring <strong data-start=\"249\" data-end=\"267\">Philippe Nahon<\/strong> (who won the Best Actor Award for his performance) and <strong data-start=\"323\" data-end=\"342\">Blandine Lenoir<\/strong> (who would return several times as a director and later win the Best First Fiction Award for her short film <em data-start=\"451\" data-end=\"467\">Avec Marinette<\/em> in 2000). The acting duo would reunite for the feature-length sequel <em data-start=\"537\" data-end=\"552\">I Stand Alone<\/em> (<em data-start=\"554\" data-end=\"572\">Seul contre tous<\/em>), No\u00e9\u2019s first feature film \u2014 already announcing the dark and violent tone of his future work.<\/p>\n<\/div>\n<\/div>\n<\/div>\n<\/div>\n<\/div>\n<\/div>\n<p>[\/vc_column_text][\/vc_column_inner][\/vc_row_inner][vc_row_inner][vc_column_inner width=&#8221;1\/2&#8243;][vc_single_image image=&#8221;88905&#8243; img_size=&#8221;full&#8221; onclick=&#8221;link_image&#8221; css=&#8221;&#8221;][\/vc_column_inner][vc_column_inner width=&#8221;1\/2&#8243;][vc_single_image image=&#8221;88907&#8243; img_size=&#8221;full&#8221; onclick=&#8221;link_image&#8221; css=&#8221;&#8221;][\/vc_column_inner][\/vc_row_inner][vc_row_inner][vc_column_inner][\/vc_column_inner][\/vc_row_inner][\/vc_column][\/vc_row][vc_row][vc_column][vc_column_text css=&#8221;.vc_custom_1743422686841{margin-bottom: 15px !important;}&#8221; el_class=&#8221;bloc sombre&#8221;]<\/p>\n<h3>Les ann\u00e9es 80<\/h3>\n<p>[\/vc_column_text][\/vc_column][\/vc_row][vc_row el_class=&#8221;bordure-verticale&#8221;][vc_column width=&#8221;1\/2&#8243;][vc_column_text css=&#8221;.vc_custom_1743422744910{margin-bottom: 15px !important;}&#8221;]<\/p>\n<h4>1989<\/h4>\n<p>[\/vc_column_text][vc_row_inner][vc_column_inner][vc_column_text css=&#8221;.vc_custom_1750781409765{margin-bottom: 15px !important;}&#8221;]<\/p>\n<div class=\"page\" title=\"Page 3\">\n<div class=\"layoutArea\">\n<div class=\"column\">\n<div class=\"page\" title=\"Page 2\">\n<div class=\"layoutArea\">\n<div class=\"column\">\n<p class=\"_04xlpA direction-ltr align-start para-style-body\"><span class=\"JsGRdQ\"><strong>Patrick Bouchitey\u00a0<\/strong><\/span><span class=\"JsGRdQ\">remportait le grand prix avec <\/span><span class=\"JsGRdQ\"><em>Lune froide<\/em>, adapt\u00e9 de Bukowski et plus tard prolong\u00e9 en long m\u00e9trage. \u00a0<\/span><\/p>\n<p class=\"_04xlpA direction-ltr align-start para-style-body\"><strong><span class=\"JsGRdQ\">Jean-Pierre Kalfon\u00a0<\/span><\/strong><span class=\"JsGRdQ\">\u00e9tait \u00e9galement de la partie, posant ici devant la grande affiche tel un guerrier brandissant son catalogue, il apparait dans le film <em>Le Vampire et Le Lapin<\/em> en comp\u00e9tition nationale.<\/span><\/p>\n<\/div>\n<\/div>\n<\/div>\n<\/div>\n<\/div>\n<\/div>\n<p>[\/vc_column_text][\/vc_column_inner][\/vc_row_inner][vc_row_inner][vc_column_inner width=&#8221;1\/2&#8243;][vc_single_image image=&#8221;88911&#8243; img_size=&#8221;full&#8221; onclick=&#8221;link_image&#8221; css=&#8221;&#8221;][\/vc_column_inner][vc_column_inner width=&#8221;1\/2&#8243;][vc_single_image image=&#8221;88913&#8243; img_size=&#8221;full&#8221; onclick=&#8221;link_image&#8221; css=&#8221;&#8221;][\/vc_column_inner][\/vc_row_inner][vc_row_inner][vc_column_inner][vc_separator border_width=&#8221;2&#8243; css=&#8221;&#8221;][vc_column_text css=&#8221;.vc_custom_1743426247403{margin-bottom: 15px !important;}&#8221;]<\/p>\n<h4>1986<\/h4>\n<p>[\/vc_column_text][\/vc_column_inner][\/vc_row_inner][vc_row_inner][vc_column_inner width=&#8221;1\/2&#8243;][vc_single_image image=&#8221;88932&#8243; img_size=&#8221;full&#8221; onclick=&#8221;link_image&#8221; css=&#8221;&#8221;][\/vc_column_inner][vc_column_inner width=&#8221;1\/2&#8243;][vc_column_text css_animation=&#8221;none&#8221; css=&#8221;.vc_custom_1750781478144{margin-bottom: 15px !important;}&#8221;]<\/p>\n<div class=\"page\" title=\"Page 3\">\n<div class=\"layoutArea\">\n<div class=\"column\">\n<div class=\"page\" title=\"Page 2\">\n<div class=\"layoutArea\">\n<div class=\"column\">\n<p>Le regrett\u00e9 <strong>Cyril Collard<\/strong> vint pr\u00e9senter son court m\u00e9trage <em>Alger la blanche<\/em> en comp\u00e9tition nationale et remportait le prix du public et le prix CANAL+.<\/p>\n<\/div>\n<\/div>\n<\/div>\n<\/div>\n<\/div>\n<\/div>\n<p>[\/vc_column_text][\/vc_column_inner][\/vc_row_inner][vc_row_inner][vc_column_inner][vc_separator border_width=&#8221;2&#8243; css=&#8221;&#8221;][vc_column_text css=&#8221;.vc_custom_1743424614439{margin-bottom: 15px !important;}&#8221;]<\/p>\n<h4>1983<\/h4>\n<p>[\/vc_column_text][vc_column_text css=&#8221;.vc_custom_1750781524860{margin-bottom: 15px !important;}&#8221;]<\/p>\n<div class=\"page\" title=\"Page 3\">\n<div class=\"layoutArea\">\n<div class=\"column\">\n<div class=\"page\" title=\"Page 2\">\n<div class=\"layoutArea\">\n<div class=\"column\">\n<p><strong>Jean-Pierre Jeunet<\/strong> faisait partie du jury. Il revint en 1990 avec <em>Foutaises<\/em> (qui remportait alors le prix du public et le prix de la presse) : il expliquera plus tard que lors de la projection de son film en salle Jean-Cocteau, c&#8217;est en se retournant pour voir les r\u00e9actions du public (quelque 1 300 personnes tout de m\u00eame !) qu&#8217;il d\u00e9cida plus tard d&#8217;int\u00e9grer cette impression sous la forme d&#8217;une sc\u00e8ne dans <em>Le Fabuleux Destin d&#8217;Am\u00e9lie Poulain<\/em>.<\/p>\n<p>Il revient en 2017 avec son tout dernier court m\u00e9trage <em>Deux escargots s&#8217;en vont<\/em> (cor\u00e9alis\u00e9 avec Romain Segaud) pr\u00e9sent\u00e9 en ouverture comme la montre la photo ci-dessous, Jean Pierre Jeunet est au centre sur le canap\u00e9 surplomb\u00e9 par une photo du jury de 1983 sur laquelle on le reconna\u00eet au premier rang.<\/p>\n<\/div>\n<\/div>\n<\/div>\n<\/div>\n<\/div>\n<\/div>\n<p>[\/vc_column_text][vc_single_image image=&#8221;88925&#8243; img_size=&#8221;full&#8221; onclick=&#8221;link_image&#8221; css=&#8221;&#8221;][\/vc_column_inner][\/vc_row_inner][\/vc_column][vc_column width=&#8221;1\/2&#8243;][vc_column_text css=&#8221;.vc_custom_1743423454497{margin-bottom: 15px !important;}&#8221;]<\/p>\n<h4>1987<\/h4>\n<p>[\/vc_column_text][vc_column_text css=&#8221;.vc_custom_1750781444483{margin-bottom: 15px !important;}&#8221;]<\/p>\n<div class=\"page\" title=\"Page 3\">\n<div class=\"layoutArea\">\n<div class=\"column\">\n<div class=\"page\" title=\"Page 2\">\n<div class=\"layoutArea\">\n<div class=\"column\">\n<p>Le chor\u00e9graphe <strong>Philippe De\u0301coufle\u0301<\/strong> \u00e9tait compe\u0301tition avec <em>Caramba<\/em>\u00a0&#8211; accompagne\u0301 par\u00a0<strong>Christophe Salengro,\u00a0<\/strong>futur pr\u00e9sident de Groland, qui revint d&#8217;ailleurs en 2012 pour jumeler la c\u00e9l\u00e8bre pr\u00e9sipaut\u00e9 avec le festival international du court m\u00e9trage de Clermont-Ferrand.<\/p>\n<p>Le r\u00e9alisateur <strong>Ce\u0301dric Klapisch<\/strong> remportait le prix sp\u00e9cial du jury national (dont fait partie le com\u00e9dien f\u00e9tiche de Jean-Pierre Jeunet, <strong>Dominique Pinon<\/strong>) pour <em>In Transit<\/em>, r\u00e9compense qu\u2019il remportera e\u0301galement en 1990 avec<em>\u00a0Ce qui me meut,\u00a0<\/em>qui deviendra le nom de sa soci\u00e9t\u00e9 de production.<\/p>\n<\/div>\n<\/div>\n<\/div>\n<\/div>\n<\/div>\n<\/div>\n<p>[\/vc_column_text][vc_row_inner][vc_column_inner width=&#8221;1\/3&#8243;][vc_single_image image=&#8221;88919&#8243; img_size=&#8221;full&#8221; onclick=&#8221;link_image&#8221; css=&#8221;&#8221;][\/vc_column_inner][vc_column_inner width=&#8221;1\/3&#8243;][vc_single_image image=&#8221;88928&#8243; img_size=&#8221;full&#8221; onclick=&#8221;link_image&#8221; css=&#8221;&#8221;][\/vc_column_inner][vc_column_inner width=&#8221;1\/3&#8243;][vc_single_image image=&#8221;88921&#8243; img_size=&#8221;full&#8221; onclick=&#8221;link_image&#8221; css=&#8221;&#8221;][\/vc_column_inner][\/vc_row_inner][vc_row_inner][vc_column_inner][vc_separator border_width=&#8221;2&#8243; css=&#8221;&#8221;][vc_column_text css=&#8221;.vc_custom_1743424310397{margin-bottom: 15px !important;}&#8221;]<\/p>\n<h4>1985<\/h4>\n<p>[\/vc_column_text][vc_column_text css_animation=&#8221;none&#8221; css=&#8221;.vc_custom_1750781460518{margin-bottom: 15px !important;}&#8221;]<\/p>\n<div class=\"page\" title=\"Page 3\">\n<div class=\"layoutArea\">\n<div class=\"column\">\n<div class=\"page\" title=\"Page 2\">\n<div class=\"layoutArea\">\n<div class=\"column\">\n<p>Le jeune com\u00e9dien <strong>Tch\u00e9ky Kario<\/strong>, qui avait d\u00e9j\u00e0 fait ses armes chez Chantal Akerman, Romain Goupil, Ren\u00e9 Allio ou Jacques Deray, fit un d\u00e9tour par Clermont-Ferrand au jury national (ici \u00e0 droite sur la photo aux c\u00f4t\u00e9s des membres cofondateurs du festival Roger Gonin et Antoine Lopez).<\/p>\n<\/div>\n<\/div>\n<\/div>\n<\/div>\n<\/div>\n<\/div>\n<p>[\/vc_column_text][vc_single_image image=&#8221;88923&#8243; img_size=&#8221;full&#8221; onclick=&#8221;link_image&#8221; css=&#8221;&#8221;][\/vc_column_inner][\/vc_row_inner][vc_row_inner][vc_column_inner][\/vc_column_inner][\/vc_row_inner][\/vc_column][\/vc_row][vc_row full_width=&#8221;stretch_row_content_no_spaces&#8221; el_class=&#8221;bloc sombre&#8221;][vc_column][vc_column_text css=&#8221;&#8221;]<\/p>\n<h6>Thanks to the photographers :<\/h6>\n<h6><span class=\"s1\">Juan Alonso, <\/span><span class=\"s1\">R\u00e9mi Boissau, <\/span><span class=\"s1\">Serge Bullo, <\/span><span class=\"s1\">Ewen Cabal, <\/span><span class=\"s1\">Baptiste Chanat, <\/span><span class=\"s1\">Bruno Couderc, <\/span><span class=\"s1\">Emma Da Silva, <\/span><span class=\"s1\">Camille Dampierre , <\/span><span class=\"s1\">Marine Deligeard, <\/span><span class=\"s1\">Pierre-Jean Fontfr\u00e8de, <\/span><span class=\"s1\">Alain Genestier, <\/span><span class=\"s1\">Anette Jourde, <\/span><span class=\"s1\">Danyel Massacrier, <\/span><span class=\"s1\">Jacques Pouillet , <\/span><span class=\"s1\">Abiga\u00eblle Robineau, <\/span><span class=\"s1\">Michel Vasset.<\/span><\/h6>\n<p>[\/vc_column_text][\/vc_column][\/vc_row]<\/p>\n<\/div>","protected":false},"excerpt":{"rendered":"<p>[vc_row][vc_column][vc_column_text css=&#8221;&#8221; el_class=&#8221;intro&#8221;] The Clermont-Ferrand International Short Film Festival is the world\u2019s largest cinematic event dedicated to short films. Animated masterpieces, comedies, contemporary realities, genre films, graduation projects from the best film schools worldwide, documentaries &#8211; short films reveal their full richness and diversity in the heart of Auvergne during the depths of winter. For [&hellip;]<\/p>\n","protected":false},"author":4,"featured_media":0,"parent":93574,"menu_order":0,"comment_status":"closed","ping_status":"closed","template":"","meta":{"_acf_changed":false,"footnotes":""},"class_list":["post-93559","page","type-page","status-publish","hentry"],"acf":[],"yoast_head":"<!-- This site is optimized with the Yoast SEO plugin v25.3.1 - https:\/\/yoast.com\/wordpress\/plugins\/seo\/ -->\n<title>They have come through &quot;Le Court&quot; - La Cit\u00e9 du Court<\/title>\n<meta name=\"robots\" content=\"index, follow, max-snippet:-1, max-image-preview:large, max-video-preview:-1\" \/>\n<link rel=\"canonical\" href=\"https:\/\/www.citeducourt.org\/en\/legacy\/they-have-come-through-le-court\/\" \/>\n<meta property=\"og:locale\" content=\"en_US\" \/>\n<meta property=\"og:type\" content=\"article\" \/>\n<meta property=\"og:title\" content=\"They have come through &quot;Le Court&quot; - La Cit\u00e9 du Court\" \/>\n<meta property=\"og:description\" content=\"[vc_row][vc_column][vc_column_text css=&#8221;&#8221; el_class=&#8221;intro&#8221;] The Clermont-Ferrand International Short Film Festival is the world\u2019s largest cinematic event dedicated to short films. Animated masterpieces, comedies, contemporary realities, genre films, graduation projects from the best film schools worldwide, documentaries &#8211; short films reveal their full richness and diversity in the heart of Auvergne during the depths of winter. For [&hellip;]\" \/>\n<meta property=\"og:url\" content=\"https:\/\/www.citeducourt.org\/en\/legacy\/they-have-come-through-le-court\/\" \/>\n<meta property=\"og:site_name\" content=\"La Cit\u00e9 du Court\" \/>\n<meta property=\"article:modified_time\" content=\"2025-12-16T09:10:12+00:00\" \/>\n<meta property=\"og:image\" content=\"https:\/\/www.citeducourt.org\/wp-content\/uploads\/2024\/11\/SQP_Logo.png\" \/>\n\t<meta property=\"og:image:width\" content=\"616\" \/>\n\t<meta property=\"og:image:height\" content=\"470\" \/>\n\t<meta property=\"og:image:type\" content=\"image\/png\" \/>\n<meta name=\"twitter:card\" content=\"summary_large_image\" \/>\n<meta name=\"twitter:label1\" content=\"Est. reading time\" \/>\n\t<meta name=\"twitter:data1\" content=\"24 minutes\" \/>\n<script type=\"application\/ld+json\" class=\"yoast-schema-graph\">{\"@context\":\"https:\/\/schema.org\",\"@graph\":[{\"@type\":\"WebPage\",\"@id\":\"https:\/\/www.citeducourt.org\/en\/legacy\/they-have-come-through-le-court\/\",\"url\":\"https:\/\/www.citeducourt.org\/en\/legacy\/they-have-come-through-le-court\/\",\"name\":\"They have come through \\\"Le Court\\\" - La Cit\u00e9 du Court\",\"isPartOf\":{\"@id\":\"https:\/\/www.citeducourt.org\/en\/#website\"},\"datePublished\":\"2025-10-13T09:59:20+00:00\",\"dateModified\":\"2025-12-16T09:10:12+00:00\",\"breadcrumb\":{\"@id\":\"https:\/\/www.citeducourt.org\/en\/legacy\/they-have-come-through-le-court\/#breadcrumb\"},\"inLanguage\":\"en-US\",\"potentialAction\":[{\"@type\":\"ReadAction\",\"target\":[\"https:\/\/www.citeducourt.org\/en\/legacy\/they-have-come-through-le-court\/\"]}]},{\"@type\":\"BreadcrumbList\",\"@id\":\"https:\/\/www.citeducourt.org\/en\/legacy\/they-have-come-through-le-court\/#breadcrumb\",\"itemListElement\":[{\"@type\":\"ListItem\",\"position\":1,\"name\":\"Home\",\"item\":\"https:\/\/www.citeducourt.org\/en\/\"},{\"@type\":\"ListItem\",\"position\":2,\"name\":\"Legacy\",\"item\":\"https:\/\/www.citeducourt.org\/en\/legacy\/\"},{\"@type\":\"ListItem\",\"position\":3,\"name\":\"They have come through \u00ab\u00a0Le Court\u00a0\u00bb\"}]},{\"@type\":\"WebSite\",\"@id\":\"https:\/\/www.citeducourt.org\/en\/#website\",\"url\":\"https:\/\/www.citeducourt.org\/en\/\",\"name\":\"La Cit\u00e9 du Court\",\"description\":\"Le slogan du site\",\"publisher\":{\"@id\":\"https:\/\/www.citeducourt.org\/en\/#organization\"},\"potentialAction\":[{\"@type\":\"SearchAction\",\"target\":{\"@type\":\"EntryPoint\",\"urlTemplate\":\"https:\/\/www.citeducourt.org\/en\/?s={search_term_string}\"},\"query-input\":{\"@type\":\"PropertyValueSpecification\",\"valueRequired\":true,\"valueName\":\"search_term_string\"}}],\"inLanguage\":\"en-US\"},{\"@type\":\"Organization\",\"@id\":\"https:\/\/www.citeducourt.org\/en\/#organization\",\"name\":\"La Cit\u00e9 du Court\",\"url\":\"https:\/\/www.citeducourt.org\/en\/\",\"logo\":{\"@type\":\"ImageObject\",\"inLanguage\":\"en-US\",\"@id\":\"https:\/\/www.citeducourt.org\/en\/#\/schema\/logo\/image\/\",\"url\":\"https:\/\/lecourt.cloud-sak.com\/wp-content\/uploads\/2024\/11\/SQP_Logo.png\",\"contentUrl\":\"https:\/\/lecourt.cloud-sak.com\/wp-content\/uploads\/2024\/11\/SQP_Logo.png\",\"width\":616,\"height\":470,\"caption\":\"La Cit\u00e9 du Court\"},\"image\":{\"@id\":\"https:\/\/www.citeducourt.org\/en\/#\/schema\/logo\/image\/\"}}]}<\/script>\n<!-- \/ Yoast SEO plugin. -->","yoast_head_json":{"title":"They have come through \"Le Court\" - La Cit\u00e9 du Court","robots":{"index":"index","follow":"follow","max-snippet":"max-snippet:-1","max-image-preview":"max-image-preview:large","max-video-preview":"max-video-preview:-1"},"canonical":"https:\/\/www.citeducourt.org\/en\/legacy\/they-have-come-through-le-court\/","og_locale":"en_US","og_type":"article","og_title":"They have come through \"Le Court\" - La Cit\u00e9 du Court","og_description":"[vc_row][vc_column][vc_column_text css=&#8221;&#8221; el_class=&#8221;intro&#8221;] The Clermont-Ferrand International Short Film Festival is the world\u2019s largest cinematic event dedicated to short films. Animated masterpieces, comedies, contemporary realities, genre films, graduation projects from the best film schools worldwide, documentaries &#8211; short films reveal their full richness and diversity in the heart of Auvergne during the depths of winter. For [&hellip;]","og_url":"https:\/\/www.citeducourt.org\/en\/legacy\/they-have-come-through-le-court\/","og_site_name":"La Cit\u00e9 du Court","article_modified_time":"2025-12-16T09:10:12+00:00","og_image":[{"width":616,"height":470,"url":"https:\/\/www.citeducourt.org\/wp-content\/uploads\/2024\/11\/SQP_Logo.png","type":"image\/png"}],"twitter_card":"summary_large_image","twitter_misc":{"Est. reading time":"24 minutes"},"schema":{"@context":"https:\/\/schema.org","@graph":[{"@type":"WebPage","@id":"https:\/\/www.citeducourt.org\/en\/legacy\/they-have-come-through-le-court\/","url":"https:\/\/www.citeducourt.org\/en\/legacy\/they-have-come-through-le-court\/","name":"They have come through \"Le Court\" - La Cit\u00e9 du Court","isPartOf":{"@id":"https:\/\/www.citeducourt.org\/en\/#website"},"datePublished":"2025-10-13T09:59:20+00:00","dateModified":"2025-12-16T09:10:12+00:00","breadcrumb":{"@id":"https:\/\/www.citeducourt.org\/en\/legacy\/they-have-come-through-le-court\/#breadcrumb"},"inLanguage":"en-US","potentialAction":[{"@type":"ReadAction","target":["https:\/\/www.citeducourt.org\/en\/legacy\/they-have-come-through-le-court\/"]}]},{"@type":"BreadcrumbList","@id":"https:\/\/www.citeducourt.org\/en\/legacy\/they-have-come-through-le-court\/#breadcrumb","itemListElement":[{"@type":"ListItem","position":1,"name":"Home","item":"https:\/\/www.citeducourt.org\/en\/"},{"@type":"ListItem","position":2,"name":"Legacy","item":"https:\/\/www.citeducourt.org\/en\/legacy\/"},{"@type":"ListItem","position":3,"name":"They have come through \u00ab\u00a0Le Court\u00a0\u00bb"}]},{"@type":"WebSite","@id":"https:\/\/www.citeducourt.org\/en\/#website","url":"https:\/\/www.citeducourt.org\/en\/","name":"La Cit\u00e9 du Court","description":"Le slogan du site","publisher":{"@id":"https:\/\/www.citeducourt.org\/en\/#organization"},"potentialAction":[{"@type":"SearchAction","target":{"@type":"EntryPoint","urlTemplate":"https:\/\/www.citeducourt.org\/en\/?s={search_term_string}"},"query-input":{"@type":"PropertyValueSpecification","valueRequired":true,"valueName":"search_term_string"}}],"inLanguage":"en-US"},{"@type":"Organization","@id":"https:\/\/www.citeducourt.org\/en\/#organization","name":"La Cit\u00e9 du Court","url":"https:\/\/www.citeducourt.org\/en\/","logo":{"@type":"ImageObject","inLanguage":"en-US","@id":"https:\/\/www.citeducourt.org\/en\/#\/schema\/logo\/image\/","url":"https:\/\/lecourt.cloud-sak.com\/wp-content\/uploads\/2024\/11\/SQP_Logo.png","contentUrl":"https:\/\/lecourt.cloud-sak.com\/wp-content\/uploads\/2024\/11\/SQP_Logo.png","width":616,"height":470,"caption":"La Cit\u00e9 du Court"},"image":{"@id":"https:\/\/www.citeducourt.org\/en\/#\/schema\/logo\/image\/"}}]}},"_links":{"self":[{"href":"https:\/\/www.citeducourt.org\/en\/wp-json\/wp\/v2\/pages\/93559","targetHints":{"allow":["GET"]}}],"collection":[{"href":"https:\/\/www.citeducourt.org\/en\/wp-json\/wp\/v2\/pages"}],"about":[{"href":"https:\/\/www.citeducourt.org\/en\/wp-json\/wp\/v2\/types\/page"}],"author":[{"embeddable":true,"href":"https:\/\/www.citeducourt.org\/en\/wp-json\/wp\/v2\/users\/4"}],"replies":[{"embeddable":true,"href":"https:\/\/www.citeducourt.org\/en\/wp-json\/wp\/v2\/comments?post=93559"}],"version-history":[{"count":6,"href":"https:\/\/www.citeducourt.org\/en\/wp-json\/wp\/v2\/pages\/93559\/revisions"}],"predecessor-version":[{"id":101369,"href":"https:\/\/www.citeducourt.org\/en\/wp-json\/wp\/v2\/pages\/93559\/revisions\/101369"}],"up":[{"embeddable":true,"href":"https:\/\/www.citeducourt.org\/en\/wp-json\/wp\/v2\/pages\/93574"}],"wp:attachment":[{"href":"https:\/\/www.citeducourt.org\/en\/wp-json\/wp\/v2\/media?parent=93559"}],"curies":[{"name":"wp","href":"https:\/\/api.w.org\/{rel}","templated":true}]}}